{"id":30504,"date":"2026-09-01T08:46:14","date_gmt":"2026-09-01T06:46:14","guid":{"rendered":"https:\/\/www.izarkom.eus\/ekitaldiak\/animadeba\/"},"modified":"2026-09-01T08:47:48","modified_gmt":"2026-09-01T06:47:48","slug":"animadeba","status":"publish","type":"tribe_events","link":"https:\/\/www.izarkom.eus\/es\/ekitaldiak\/animadeba\/","title":{"rendered":"Animadeba"},"content":{"rendered":"<p>[et_pb_section fb_built=\u00bb1&#8243; _builder_version=\u00bb4.16&#8243; da_disable_devices=\u00bboff|off|off\u00bb locked=\u00bboff\u00bb global_colors_info=\u00bb{}\u00bb da_is_popup=\u00bboff\u00bb da_exit_intent=\u00bboff\u00bb da_has_close=\u00bbon\u00bb da_alt_close=\u00bboff\u00bb da_dark_close=\u00bboff\u00bb da_not_modal=\u00bbon\u00bb da_is_singular=\u00bboff\u00bb da_with_loader=\u00bboff\u00bb da_has_shadow=\u00bbon\u00bb][et_pb_row _builder_version=\u00bb4.16&#8243; background_size=\u00bbinitial\u00bb background_position=\u00bbtop_left\u00bb background_repeat=\u00bbrepeat\u00bb global_colors_info=\u00bb{}\u00bb][et_pb_column type=\u00bb4_4&#8243; _builder_version=\u00bb4.16&#8243; custom_padding=\u00bb|||\u00bb global_colors_info=\u00bb{}\u00bb custom_padding__hover=\u00bb|||\u00bb][et_pb_text _builder_version=\u00bb4.27.7&#8243; text_font=\u00bb|300|||||||\u00bb background_size=\u00bbinitial\u00bb background_position=\u00bbtop_left\u00bb background_repeat=\u00bbrepeat\u00bb text_orientation=\u00bbjustified\u00bb hover_enabled=\u00bb0&#8243; global_colors_info=\u00bb{}\u00bb sticky_enabled=\u00bb0&#8243;]<\/p>\n<p>Animadeba, impulsado desde su inicio por el Ayuntamiento de Deba, es el Festival Internacional de Cine de Animaci\u00f3n por excelencia. Este a\u00f1o se ha celebrado la XVI. Edici\u00f3n del 6 al 9 de Septiembre. A\u00f1o tras a\u00f1o se ha convertido una cita ineludible en el panorama de la animaci\u00f3n en el Pa\u00eds Vasco. Animadeba es un punto de encuentro entre el p\u00fablico, cineastas, profesionales de la industria y artistas.<\/p>\n<p>Dentro de su programaci\u00f3n destacan las pel\u00edculas de animaci\u00f3n (largometrajes y cortometrajes) para todos los p\u00fablicos. Lo completan las secciones Animadeba LAB, Work in Progress, Case study (casos de estudio), presentaciones, coloquios, talleres y actuaciones musicales. Adem\u00e1s, este a\u00f1o se ha creado el proyecto Animadeba Off, para dar nombre a las sesiones o jornadas que se celebran fuera de Deba, fuera de los d\u00edas oficiales del Festival.<\/p>\n<p>[\/et_pb_text][et_pb_text _builder_version=\u00bb4.27.7&#8243; text_font=\u00bb|300|||||||\u00bb background_size=\u00bbinitial\u00bb background_position=\u00bbtop_left\u00bb background_repeat=\u00bbrepeat\u00bb text_orientation=\u00bbjustified\u00bb hover_enabled=\u00bb0&#8243; global_colors_info=\u00bb{}\u00bb sticky_enabled=\u00bb0&#8243;]<\/p>\n<p><strong>Se trata de una iniciativa apoyada por Izarkom.<\/strong><\/p>\n<p>[\/et_pb_text][\/et_pb_column][\/et_pb_row][\/et_pb_section]<\/p>\n","protected":false},"excerpt":{"rendered":"<p>Animadeba, impulsado desde su inicio por el Ayuntamiento de Deba, es el Festival Internacional de Cine de Animaci\u00f3n por excelencia. Este a\u00f1o se ha celebrado la XVI. Edici\u00f3n del 6 [&hellip;]<\/p>\n","protected":false},"author":10,"featured_media":30503,"template":"","meta":{"_acf_changed":false,"_et_pb_use_builder":"on","_et_pb_old_content":"","_et_gb_content_width":"","_tribe_events_status":"","_tribe_events_status_reason":"","footnotes":""},"tags":[308],"tribe_events_cat":[217],"class_list":["post-30504","tribe_events","type-tribe_events","status-publish","has-post-thumbnail","hentry","tag-animadeba","tribe_events_cat-izarkomek-babestutakoak-es","cat_izarkomek-babestutakoak-es"],"acf":[],"yoast_head":"<!-- This site is optimized with the Yoast SEO plugin v28.3 - https:\/\/yoast.com\/product\/yoast-seo-wordpress\/ -->\n<title>Animadeba - izarkom<\/title>\n<meta name=\"description\" content=\"Animadeba, impulsado desde su inicio por el Ayuntamiento de Deba, es el Festival Internacional de Cine de Animaci\u00f3n por excelencia. Este a\u00f1o se ha celebrado la XVI. Edici\u00f3n del 6 al 9 de Septiembre. A\u00f1o tras a\u00f1o se ha convertido una cita ineludible en el panorama de la animaci\u00f3n en el Pa\u00eds Vasco. Animadeba es un punto de encuentro entre el p\u00fablico, cineastas, profesionales de la industria y artistas. Dentro de su programaci\u00f3n destacan las pel\u00edculas de animaci\u00f3n (largometrajes y cortometrajes) para todos los p\u00fablicos. Lo completan las secciones Animadeba LAB, Work in Progress, Case study (casos de estudio), presentaciones, coloquios, talleres y actuaciones musicales. Adem\u00e1s, este a\u00f1o se ha creado el proyecto Animadeba Off, para dar nombre a las sesiones o jornadas que se celebran fuera de Deba, fuera de los d\u00edas oficiales del Festival. Se trata de una iniciativa apoyada por Izarkom.\" \/>\n<meta name=\"robots\" content=\"index, follow, max-snippet:-1, max-image-preview:large, max-video-preview:-1\" \/>\n<link rel=\"canonical\" href=\"https:\/\/www.izarkom.eus\/es\/ekitaldiak\/animadeba\/\" \/>\n<meta property=\"og:locale\" content=\"es_ES\" \/>\n<meta property=\"og:type\" content=\"article\" \/>\n<meta property=\"og:title\" content=\"Animadeba\" \/>\n<meta property=\"og:description\" content=\"Animadeba, impulsado desde su inicio por el Ayuntamiento de Deba, es el Festival Internacional de Cine de Animaci\u00f3n por excelencia. Este a\u00f1o se ha celebrado la XVI. Edici\u00f3n del 6 al 9 de Septiembre. A\u00f1o tras a\u00f1o se ha convertido una cita ineludible en el panorama de la animaci\u00f3n en el Pa\u00eds Vasco. Animadeba es un punto de encuentro entre el p\u00fablico, cineastas, profesionales de la industria y artistas. Dentro de su programaci\u00f3n destacan las pel\u00edculas de animaci\u00f3n (largometrajes y cortometrajes) para todos los p\u00fablicos. Lo completan las secciones Animadeba LAB, Work in Progress, Case study (casos de estudio), presentaciones, coloquios, talleres y actuaciones musicales. Adem\u00e1s, este a\u00f1o se ha creado el proyecto Animadeba Off, para dar nombre a las sesiones o jornadas que se celebran fuera de Deba, fuera de los d\u00edas oficiales del Festival.\" \/>\n<meta property=\"og:url\" content=\"https:\/\/www.izarkom.eus\/es\/ekitaldiak\/animadeba\/\" \/>\n<meta property=\"og:site_name\" content=\"izarkom\" \/>\n<meta property=\"article:modified_time\" content=\"2026-09-01T06:47:48+00:00\" \/>\n<meta property=\"og:image\" content=\"https:\/\/www.izarkom.eus\/wp-content\/uploads\/2026\/08\/cartelanimadeba26.jpg\" \/>\n<meta name=\"twitter:card\" content=\"summary_large_image\" \/>\n<meta name=\"twitter:label1\" content=\"Tiempo de lectura\" \/>\n\t<meta name=\"twitter:data1\" content=\"1 minuto\" \/>\n<script type=\"application\/ld+json\" class=\"yoast-schema-graph\">{\"@context\":\"https:\\\/\\\/schema.org\",\"@graph\":[{\"@type\":\"WebPage\",\"@id\":\"https:\\\/\\\/www.izarkom.eus\\\/es\\\/ekitaldiak\\\/animadeba\\\/\",\"url\":\"https:\\\/\\\/www.izarkom.eus\\\/es\\\/ekitaldiak\\\/animadeba\\\/\",\"name\":\"Animadeba - izarkom\",\"isPartOf\":{\"@id\":\"https:\\\/\\\/www.izarkom.eus\\\/#website\"},\"primaryImageOfPage\":{\"@id\":\"https:\\\/\\\/www.izarkom.eus\\\/es\\\/ekitaldiak\\\/animadeba\\\/#primaryimage\"},\"image\":{\"@id\":\"https:\\\/\\\/www.izarkom.eus\\\/es\\\/ekitaldiak\\\/animadeba\\\/#primaryimage\"},\"thumbnailUrl\":\"https:\\\/\\\/www.izarkom.eus\\\/wp-content\\\/uploads\\\/2026\\\/08\\\/cartelanimadeba26.jpg\",\"datePublished\":\"2026-09-01T06:46:14+00:00\",\"dateModified\":\"2026-09-01T06:47:48+00:00\",\"description\":\"Animadeba, impulsado desde su inicio por el Ayuntamiento de Deba, es el Festival Internacional de Cine de Animaci\u00f3n por excelencia. Este a\u00f1o se ha celebrado la XVI. Edici\u00f3n del 6 al 9 de Septiembre. A\u00f1o tras a\u00f1o se ha convertido una cita ineludible en el panorama de la animaci\u00f3n en el Pa\u00eds Vasco. Animadeba es un punto de encuentro entre el p\u00fablico, cineastas, profesionales de la industria y artistas. Dentro de su programaci\u00f3n destacan las pel\u00edculas de animaci\u00f3n (largometrajes y cortometrajes) para todos los p\u00fablicos. Lo completan las secciones Animadeba LAB, Work in Progress, Case study (casos de estudio), presentaciones, coloquios, talleres y actuaciones musicales. Adem\u00e1s, este a\u00f1o se ha creado el proyecto Animadeba Off, para dar nombre a las sesiones o jornadas que se celebran fuera de Deba, fuera de los d\u00edas oficiales del Festival. Se trata de una iniciativa apoyada por Izarkom.\",\"breadcrumb\":{\"@id\":\"https:\\\/\\\/www.izarkom.eus\\\/es\\\/ekitaldiak\\\/animadeba\\\/#breadcrumb\"},\"inLanguage\":\"es\",\"potentialAction\":[{\"@type\":\"ReadAction\",\"target\":[\"https:\\\/\\\/www.izarkom.eus\\\/es\\\/ekitaldiak\\\/animadeba\\\/\"]}]},{\"@type\":\"ImageObject\",\"inLanguage\":\"es\",\"@id\":\"https:\\\/\\\/www.izarkom.eus\\\/es\\\/ekitaldiak\\\/animadeba\\\/#primaryimage\",\"url\":\"https:\\\/\\\/www.izarkom.eus\\\/wp-content\\\/uploads\\\/2026\\\/08\\\/cartelanimadeba26.jpg\",\"contentUrl\":\"https:\\\/\\\/www.izarkom.eus\\\/wp-content\\\/uploads\\\/2026\\\/08\\\/cartelanimadeba26.jpg\",\"width\":768,\"height\":563},{\"@type\":\"BreadcrumbList\",\"@id\":\"https:\\\/\\\/www.izarkom.eus\\\/es\\\/ekitaldiak\\\/animadeba\\\/#breadcrumb\",\"itemListElement\":[{\"@type\":\"ListItem\",\"position\":1,\"name\":\"Home\",\"item\":\"https:\\\/\\\/www.izarkom.eus\\\/\"},{\"@type\":\"ListItem\",\"position\":2,\"name\":\"Ekitaldiak\",\"item\":\"https:\\\/\\\/www.izarkom.eus\\\/events\\\/\"},{\"@type\":\"ListItem\",\"position\":3,\"name\":\"Animadeba\"}]},{\"@type\":\"WebSite\",\"@id\":\"https:\\\/\\\/www.izarkom.eus\\\/#website\",\"url\":\"https:\\\/\\\/www.izarkom.eus\\\/\",\"name\":\"izarkom\",\"description\":\"Izarkom, Euskal Herriko telekomunikazio kooperatiba\",\"potentialAction\":[{\"@type\":\"SearchAction\",\"target\":{\"@type\":\"EntryPoint\",\"urlTemplate\":\"https:\\\/\\\/www.izarkom.eus\\\/?s={search_term_string}\"},\"query-input\":{\"@type\":\"PropertyValueSpecification\",\"valueRequired\":true,\"valueName\":\"search_term_string\"}}],\"inLanguage\":\"es\"}]}<\/script>\n<!-- \/ Yoast SEO plugin. -->","yoast_head_json":{"title":"Animadeba - izarkom","description":"Animadeba, impulsado desde su inicio por el Ayuntamiento de Deba, es el Festival Internacional de Cine de Animaci\u00f3n por excelencia. Este a\u00f1o se ha celebrado la XVI. Edici\u00f3n del 6 al 9 de Septiembre. A\u00f1o tras a\u00f1o se ha convertido una cita ineludible en el panorama de la animaci\u00f3n en el Pa\u00eds Vasco. Animadeba es un punto de encuentro entre el p\u00fablico, cineastas, profesionales de la industria y artistas. Dentro de su programaci\u00f3n destacan las pel\u00edculas de animaci\u00f3n (largometrajes y cortometrajes) para todos los p\u00fablicos. Lo completan las secciones Animadeba LAB, Work in Progress, Case study (casos de estudio), presentaciones, coloquios, talleres y actuaciones musicales. Adem\u00e1s, este a\u00f1o se ha creado el proyecto Animadeba Off, para dar nombre a las sesiones o jornadas que se celebran fuera de Deba, fuera de los d\u00edas oficiales del Festival. Se trata de una iniciativa apoyada por Izarkom.","robots":{"index":"index","follow":"follow","max-snippet":"max-snippet:-1","max-image-preview":"max-image-preview:large","max-video-preview":"max-video-preview:-1"},"canonical":"https:\/\/www.izarkom.eus\/es\/ekitaldiak\/animadeba\/","og_locale":"es_ES","og_type":"article","og_title":"Animadeba","og_description":"Animadeba, impulsado desde su inicio por el Ayuntamiento de Deba, es el Festival Internacional de Cine de Animaci\u00f3n por excelencia. Este a\u00f1o se ha celebrado la XVI. Edici\u00f3n del 6 al 9 de Septiembre. A\u00f1o tras a\u00f1o se ha convertido una cita ineludible en el panorama de la animaci\u00f3n en el Pa\u00eds Vasco. Animadeba es un punto de encuentro entre el p\u00fablico, cineastas, profesionales de la industria y artistas. Dentro de su programaci\u00f3n destacan las pel\u00edculas de animaci\u00f3n (largometrajes y cortometrajes) para todos los p\u00fablicos. Lo completan las secciones Animadeba LAB, Work in Progress, Case study (casos de estudio), presentaciones, coloquios, talleres y actuaciones musicales. Adem\u00e1s, este a\u00f1o se ha creado el proyecto Animadeba Off, para dar nombre a las sesiones o jornadas que se celebran fuera de Deba, fuera de los d\u00edas oficiales del Festival.","og_url":"https:\/\/www.izarkom.eus\/es\/ekitaldiak\/animadeba\/","og_site_name":"izarkom","article_modified_time":"2026-09-01T06:47:48+00:00","og_image":[{"url":"https:\/\/www.izarkom.eus\/wp-content\/uploads\/2026\/08\/cartelanimadeba26.jpg","type":"","width":"","height":""}],"twitter_card":"summary_large_image","twitter_misc":{"Tiempo de lectura":"1 minuto"},"schema":{"@context":"https:\/\/schema.org","@graph":[{"@type":"WebPage","@id":"https:\/\/www.izarkom.eus\/es\/ekitaldiak\/animadeba\/","url":"https:\/\/www.izarkom.eus\/es\/ekitaldiak\/animadeba\/","name":"Animadeba - izarkom","isPartOf":{"@id":"https:\/\/www.izarkom.eus\/#website"},"primaryImageOfPage":{"@id":"https:\/\/www.izarkom.eus\/es\/ekitaldiak\/animadeba\/#primaryimage"},"image":{"@id":"https:\/\/www.izarkom.eus\/es\/ekitaldiak\/animadeba\/#primaryimage"},"thumbnailUrl":"https:\/\/www.izarkom.eus\/wp-content\/uploads\/2026\/08\/cartelanimadeba26.jpg","datePublished":"2026-09-01T06:46:14+00:00","dateModified":"2026-09-01T06:47:48+00:00","description":"Animadeba, impulsado desde su inicio por el Ayuntamiento de Deba, es el Festival Internacional de Cine de Animaci\u00f3n por excelencia. Este a\u00f1o se ha celebrado la XVI. Edici\u00f3n del 6 al 9 de Septiembre. A\u00f1o tras a\u00f1o se ha convertido una cita ineludible en el panorama de la animaci\u00f3n en el Pa\u00eds Vasco. Animadeba es un punto de encuentro entre el p\u00fablico, cineastas, profesionales de la industria y artistas. Dentro de su programaci\u00f3n destacan las pel\u00edculas de animaci\u00f3n (largometrajes y cortometrajes) para todos los p\u00fablicos. Lo completan las secciones Animadeba LAB, Work in Progress, Case study (casos de estudio), presentaciones, coloquios, talleres y actuaciones musicales. Adem\u00e1s, este a\u00f1o se ha creado el proyecto Animadeba Off, para dar nombre a las sesiones o jornadas que se celebran fuera de Deba, fuera de los d\u00edas oficiales del Festival. Se trata de una iniciativa apoyada por Izarkom.","breadcrumb":{"@id":"https:\/\/www.izarkom.eus\/es\/ekitaldiak\/animadeba\/#breadcrumb"},"inLanguage":"es","potentialAction":[{"@type":"ReadAction","target":["https:\/\/www.izarkom.eus\/es\/ekitaldiak\/animadeba\/"]}]},{"@type":"ImageObject","inLanguage":"es","@id":"https:\/\/www.izarkom.eus\/es\/ekitaldiak\/animadeba\/#primaryimage","url":"https:\/\/www.izarkom.eus\/wp-content\/uploads\/2026\/08\/cartelanimadeba26.jpg","contentUrl":"https:\/\/www.izarkom.eus\/wp-content\/uploads\/2026\/08\/cartelanimadeba26.jpg","width":768,"height":563},{"@type":"BreadcrumbList","@id":"https:\/\/www.izarkom.eus\/es\/ekitaldiak\/animadeba\/#breadcrumb","itemListElement":[{"@type":"ListItem","position":1,"name":"Home","item":"https:\/\/www.izarkom.eus\/"},{"@type":"ListItem","position":2,"name":"Ekitaldiak","item":"https:\/\/www.izarkom.eus\/events\/"},{"@type":"ListItem","position":3,"name":"Animadeba"}]},{"@type":"WebSite","@id":"https:\/\/www.izarkom.eus\/#website","url":"https:\/\/www.izarkom.eus\/","name":"izarkom","description":"Izarkom, Euskal Herriko telekomunikazio kooperatiba","potentialAction":[{"@type":"SearchAction","target":{"@type":"EntryPoint","urlTemplate":"https:\/\/www.izarkom.eus\/?s={search_term_string}"},"query-input":{"@type":"PropertyValueSpecification","valueRequired":true,"valueName":"search_term_string"}}],"inLanguage":"es"}]}},"_links":{"self":[{"href":"https:\/\/www.izarkom.eus\/es\/wp-json\/wp\/v2\/tribe_events\/30504","targetHints":{"allow":["GET"]}}],"collection":[{"href":"https:\/\/www.izarkom.eus\/es\/wp-json\/wp\/v2\/tribe_events"}],"about":[{"href":"https:\/\/www.izarkom.eus\/es\/wp-json\/wp\/v2\/types\/tribe_events"}],"author":[{"embeddable":true,"href":"https:\/\/www.izarkom.eus\/es\/wp-json\/wp\/v2\/users\/10"}],"version-history":[{"count":3,"href":"https:\/\/www.izarkom.eus\/es\/wp-json\/wp\/v2\/tribe_events\/30504\/revisions"}],"predecessor-version":[{"id":30508,"href":"https:\/\/www.izarkom.eus\/es\/wp-json\/wp\/v2\/tribe_events\/30504\/revisions\/30508"}],"wp:featuredmedia":[{"embeddable":true,"href":"https:\/\/www.izarkom.eus\/es\/wp-json\/wp\/v2\/media\/30503"}],"wp:attachment":[{"href":"https:\/\/www.izarkom.eus\/es\/wp-json\/wp\/v2\/media?parent=30504"}],"wp:term":[{"taxonomy":"post_tag","embeddable":true,"href":"https:\/\/www.izarkom.eus\/es\/wp-json\/wp\/v2\/tags?post=30504"},{"taxonomy":"tribe_events_cat","embeddable":true,"href":"https:\/\/www.izarkom.eus\/es\/wp-json\/wp\/v2\/tribe_events_cat?post=30504"}],"curies":[{"name":"wp","href":"https:\/\/api.w.org\/{rel}","templated":true}]}}