{"id":30488,"date":"2026-08-31T13:36:59","date_gmt":"2026-08-31T11:36:59","guid":{"rendered":"https:\/\/www.izarkom.eus\/ekitaldiak\/iraultza-txikien-akanpada-2026\/"},"modified":"2026-08-31T13:45:56","modified_gmt":"2026-08-31T11:45:56","slug":"iraultza-txikien-akanpada-2026","status":"publish","type":"tribe_events","link":"https:\/\/www.izarkom.eus\/es\/ekitaldiak\/iraultza-txikien-akanpada-2026\/","title":{"rendered":"IRAULTZA TXIKIEN AKANPADA 2026"},"content":{"rendered":"<p>[et_pb_section fb_built=\u00bb1&#8243; _builder_version=\u00bb4.16&#8243; da_disable_devices=\u00bboff|off|off\u00bb locked=\u00bboff\u00bb global_colors_info=\u00bb{}\u00bb da_is_popup=\u00bboff\u00bb da_exit_intent=\u00bboff\u00bb da_has_close=\u00bbon\u00bb da_alt_close=\u00bboff\u00bb da_dark_close=\u00bboff\u00bb da_not_modal=\u00bbon\u00bb da_is_singular=\u00bboff\u00bb da_with_loader=\u00bboff\u00bb da_has_shadow=\u00bbon\u00bb][et_pb_row _builder_version=\u00bb4.16&#8243; background_size=\u00bbinitial\u00bb background_position=\u00bbtop_left\u00bb background_repeat=\u00bbrepeat\u00bb global_colors_info=\u00bb{}\u00bb][et_pb_column type=\u00bb4_4&#8243; _builder_version=\u00bb4.16&#8243; custom_padding=\u00bb|||\u00bb global_colors_info=\u00bb{}\u00bb custom_padding__hover=\u00bb|||\u00bb][et_pb_text _builder_version=\u00bb4.27.7&#8243; text_font=\u00bb|300|||||||\u00bb text_font_size=\u00bb30px\u00bb background_size=\u00bbinitial\u00bb background_position=\u00bbtop_left\u00bb background_repeat=\u00bbrepeat\u00bb global_colors_info=\u00bb{}\u00bb]<\/p>\n<p style=\"text-align: center;\">\ud83d\udd25 *IRAULTZA TXIKIEN AKANPADA 2026* \ud83d\udd25<\/p>\n<p>[\/et_pb_text][et_pb_text _builder_version=\u00bb4.27.7&#8243; text_font=\u00bb|300|||||||\u00bb background_size=\u00bbinitial\u00bb background_position=\u00bbtop_left\u00bb background_repeat=\u00bbrepeat\u00bb text_orientation=\u00bbjustified\u00bb global_colors_info=\u00bb{}\u00bb]<\/p>\n<p>Con el objetivo de impulsar la lucha contra el pol\u00edgono de tiro de Bardenas y despu\u00e9s de meses tejiendo redes colectivas, recibir propuestas y sentir el pulso del movimiento popular\u2026. \u00a1nos llega Iraultza Txikien Akanpada 2026!<\/p>\n<p>Los encuentros del movimiento popular de Euskal Herria contar\u00e1n con diferentes espacios para seguir tejiendo redes de colaboraci\u00f3n y afinidades entre internacionalismo, ecologismo, feminismo y antimilitarismo, entre otros.<\/p>\n<p>As\u00ed mismo, se denunciar\u00e1 en voz alta la nueva amenaza del pol\u00edgono de tiro (propuesta de renovaci\u00f3n 2028 ) y la ofensiva militarista de la OTAN y la UE. Adem\u00e1s, se reactivar\u00e1 un espacio para que los movimientos populares de toda Euskal Herria se unan, crean redes, complicidades y compartan luchas.<\/p>\n<p>[\/et_pb_text][et_pb_text _builder_version=\u00bb4.27.7&#8243; text_font=\u00bb|300|||||||\u00bb background_size=\u00bbinitial\u00bb background_position=\u00bbtop_left\u00bb background_repeat=\u00bbrepeat\u00bb text_orientation=\u00bbjustified\u00bb global_colors_info=\u00bb{}\u00bb]<\/p>\n<p>Este a\u00f1o <strong>Izarkom volver\u00e1 a formar parte de esta iniciativa<\/strong> y el s\u00e1bado, d\u00eda 19, instalaremos una mesa informativa en la misma.<\/p>\n<p>[\/et_pb_text][et_pb_text _builder_version=\u00bb4.27.7&#8243; text_font=\u00bb|300|||||||\u00bb text_font_size=\u00bb30px\u00bb background_size=\u00bbinitial\u00bb background_position=\u00bbtop_left\u00bb background_repeat=\u00bbrepeat\u00bb hover_enabled=\u00bb0&#8243; global_colors_info=\u00bb{}\u00bb sticky_enabled=\u00bb0&#8243;]<\/p>\n<p style=\"text-align: center;\">PROGRAMA<\/p>\n<p>[\/et_pb_text][et_pb_image src=\u00bbhttps:\/\/www.izarkom.eus\/wp-content\/uploads\/2026\/08\/ITA_egitaraua.jpg\u00bb title_text=\u00bbITA_egitaraua\u00bb _builder_version=\u00bb4.27.7&#8243; _module_preset=\u00bbdefault\u00bb global_colors_info=\u00bb{}\u00bb][\/et_pb_image][et_pb_button button_url=\u00bbhttps:\/\/l.eus\/izen-ematea-ITA2026&#8243; button_text=\u00bbAp\u00fantate\u00bb button_alignment=\u00bbcenter\u00bb module_class=\u00bbIzenEmatea_bt\u00bb _builder_version=\u00bb4.27.7&#8243; _module_preset=\u00bbdefault\u00bb custom_button=\u00bbon\u00bb button_text_size=\u00bb17px\u00bb button_text_color=\u00bb#FFFFFF\u00bb button_bg_color=\u00bb#BA0533&#8243; button_icon=\u00bb&#x6c;||divi||400&#8243; custom_margin=\u00bb61px||||false|false\u00bb global_colors_info=\u00bb{}\u00bb][\/et_pb_button][\/et_pb_column][\/et_pb_row][\/et_pb_section]<\/p>\n","protected":false},"excerpt":{"rendered":"<p>\ud83d\udd25 *IRAULTZA TXIKIEN AKANPADA 2026* \ud83d\udd25Con el objetivo de impulsar la lucha contra el pol\u00edgono de tiro de Bardenas y despu\u00e9s de meses tejiendo redes colectivas, recibir propuestas y sentir [&hellip;]<\/p>\n","protected":false},"author":10,"featured_media":30487,"template":"","meta":{"_et_pb_use_builder":"on","_et_pb_old_content":"","_et_gb_content_width":"","_tribe_events_status":"","_tribe_events_status_reason":"","footnotes":""},"tags":[307],"tribe_events_cat":[217],"class_list":["post-30488","tribe_events","type-tribe_events","status-publish","has-post-thumbnail","hentry","tag-iraultza-txikien-akanpada","tribe_events_cat-izarkomek-babestutakoak-es","cat_izarkomek-babestutakoak-es"],"yoast_head":"<!-- This site is optimized with the Yoast SEO plugin v28.3 - https:\/\/yoast.com\/product\/yoast-seo-wordpress\/ -->\n<title>IRAULTZA TXIKIEN AKANPADA 2026 - izarkom<\/title>\n<meta name=\"description\" content=\"Con el objetivo de impulsar la lucha contra el pol\u00edgono de tiro de Bardenas y despu\u00e9s de meses tejiendo redes colectivas, recibir propuestas y sentir el pulso del movimiento popular\u2026. \u00a1nos llega Iraultza Txikien Akanpada 2026!Los encuentros del movimiento popular de Euskal Herria contar\u00e1n con diferentes espacios para seguir tejiendo redes de colaboraci\u00f3n y afinidades entre internacionalismo, ecologismo, feminismo y antimilitarismo, entre otros. As\u00ed mismo, se denunciar\u00e1 en voz alta la nueva amenaza del pol\u00edgono de tiro (propuesta de renovaci\u00f3n 2028 ) y la ofensiva militarista de la OTAN y la UE. Adem\u00e1s, se reactivar\u00e1 un espacio para que los movimientos populares de toda Euskal Herria se unan, crean redes, complicidades y compartan luchas.\" \/>\n<meta name=\"robots\" content=\"index, follow, max-snippet:-1, max-image-preview:large, max-video-preview:-1\" \/>\n<link rel=\"canonical\" href=\"https:\/\/www.izarkom.eus\/es\/ekitaldiak\/iraultza-txikien-akanpada-2026\/\" \/>\n<meta property=\"og:locale\" content=\"es_ES\" \/>\n<meta property=\"og:type\" content=\"article\" \/>\n<meta property=\"og:title\" content=\"IRAULTZA TXIKIEN AKANPADA 2026\" \/>\n<meta property=\"og:description\" content=\"Con el objetivo de impulsar la lucha contra el pol\u00edgono de tiro de Bardenas y despu\u00e9s de meses tejiendo redes colectivas, recibir propuestas y sentir el pulso del movimiento popular\u2026. \u00a1nos llega Iraultza Txikien Akanpada 2026!Los encuentros del movimiento popular de Euskal Herria contar\u00e1n con diferentes espacios para seguir tejiendo redes de colaboraci\u00f3n y afinidades entre internacionalismo, ecologismo, feminismo y antimilitarismo, entre otros. As\u00ed mismo, se denunciar\u00e1 en voz alta la nueva amenaza del pol\u00edgono de tiro (propuesta de renovaci\u00f3n 2028 ) y la ofensiva militarista de la OTAN y la UE. Adem\u00e1s, se reactivar\u00e1 un espacio para que los movimientos populares de toda Euskal Herria se unan, crean redes, complicidades y compartan luchas.\" \/>\n<meta property=\"og:url\" content=\"https:\/\/www.izarkom.eus\/es\/ekitaldiak\/iraultza-txikien-akanpada-2026\/\" \/>\n<meta property=\"og:site_name\" content=\"izarkom\" \/>\n<meta property=\"article:modified_time\" content=\"2026-08-31T11:45:56+00:00\" \/>\n<meta property=\"og:image\" content=\"https:\/\/www.izarkom.eus\/wp-content\/uploads\/2026\/08\/ITA26-300x300.jpg\" \/>\n<meta name=\"twitter:card\" content=\"summary_large_image\" \/>\n<meta name=\"twitter:label1\" content=\"Tiempo de lectura\" \/>\n\t<meta name=\"twitter:data1\" content=\"2 minutos\" \/>\n<script type=\"application\/ld+json\" class=\"yoast-schema-graph\">{\"@context\":\"https:\\\/\\\/schema.org\",\"@graph\":[{\"@type\":\"WebPage\",\"@id\":\"https:\\\/\\\/www.izarkom.eus\\\/es\\\/ekitaldiak\\\/iraultza-txikien-akanpada-2026\\\/\",\"url\":\"https:\\\/\\\/www.izarkom.eus\\\/es\\\/ekitaldiak\\\/iraultza-txikien-akanpada-2026\\\/\",\"name\":\"IRAULTZA TXIKIEN AKANPADA 2026 - izarkom\",\"isPartOf\":{\"@id\":\"https:\\\/\\\/www.izarkom.eus\\\/#website\"},\"primaryImageOfPage\":{\"@id\":\"https:\\\/\\\/www.izarkom.eus\\\/es\\\/ekitaldiak\\\/iraultza-txikien-akanpada-2026\\\/#primaryimage\"},\"image\":{\"@id\":\"https:\\\/\\\/www.izarkom.eus\\\/es\\\/ekitaldiak\\\/iraultza-txikien-akanpada-2026\\\/#primaryimage\"},\"thumbnailUrl\":\"https:\\\/\\\/www.izarkom.eus\\\/wp-content\\\/uploads\\\/2026\\\/08\\\/ITA26.jpg\",\"datePublished\":\"2026-08-31T11:36:59+00:00\",\"dateModified\":\"2026-08-31T11:45:56+00:00\",\"description\":\"Con el objetivo de impulsar la lucha contra el pol\u00edgono de tiro de Bardenas y despu\u00e9s de meses tejiendo redes colectivas, recibir propuestas y sentir el pulso del movimiento popular\u2026. \u00a1nos llega Iraultza Txikien Akanpada 2026!Los encuentros del movimiento popular de Euskal Herria contar\u00e1n con diferentes espacios para seguir tejiendo redes de colaboraci\u00f3n y afinidades entre internacionalismo, ecologismo, feminismo y antimilitarismo, entre otros. As\u00ed mismo, se denunciar\u00e1 en voz alta la nueva amenaza del pol\u00edgono de tiro (propuesta de renovaci\u00f3n 2028 ) y la ofensiva militarista de la OTAN y la UE. Adem\u00e1s, se reactivar\u00e1 un espacio para que los movimientos populares de toda Euskal Herria se unan, crean redes, complicidades y compartan luchas.\",\"breadcrumb\":{\"@id\":\"https:\\\/\\\/www.izarkom.eus\\\/es\\\/ekitaldiak\\\/iraultza-txikien-akanpada-2026\\\/#breadcrumb\"},\"inLanguage\":\"es\",\"potentialAction\":[{\"@type\":\"ReadAction\",\"target\":[\"https:\\\/\\\/www.izarkom.eus\\\/es\\\/ekitaldiak\\\/iraultza-txikien-akanpada-2026\\\/\"]}]},{\"@type\":\"ImageObject\",\"inLanguage\":\"es\",\"@id\":\"https:\\\/\\\/www.izarkom.eus\\\/es\\\/ekitaldiak\\\/iraultza-txikien-akanpada-2026\\\/#primaryimage\",\"url\":\"https:\\\/\\\/www.izarkom.eus\\\/wp-content\\\/uploads\\\/2026\\\/08\\\/ITA26.jpg\",\"contentUrl\":\"https:\\\/\\\/www.izarkom.eus\\\/wp-content\\\/uploads\\\/2026\\\/08\\\/ITA26.jpg\",\"width\":640,\"height\":640},{\"@type\":\"BreadcrumbList\",\"@id\":\"https:\\\/\\\/www.izarkom.eus\\\/es\\\/ekitaldiak\\\/iraultza-txikien-akanpada-2026\\\/#breadcrumb\",\"itemListElement\":[{\"@type\":\"ListItem\",\"position\":1,\"name\":\"Home\",\"item\":\"https:\\\/\\\/www.izarkom.eus\\\/\"},{\"@type\":\"ListItem\",\"position\":2,\"name\":\"Ekitaldiak\",\"item\":\"https:\\\/\\\/www.izarkom.eus\\\/events\\\/\"},{\"@type\":\"ListItem\",\"position\":3,\"name\":\"IRAULTZA TXIKIEN AKANPADA 2026\"}]},{\"@type\":\"WebSite\",\"@id\":\"https:\\\/\\\/www.izarkom.eus\\\/#website\",\"url\":\"https:\\\/\\\/www.izarkom.eus\\\/\",\"name\":\"izarkom\",\"description\":\"Izarkom, Euskal Herriko telekomunikazio kooperatiba\",\"potentialAction\":[{\"@type\":\"SearchAction\",\"target\":{\"@type\":\"EntryPoint\",\"urlTemplate\":\"https:\\\/\\\/www.izarkom.eus\\\/?s={search_term_string}\"},\"query-input\":{\"@type\":\"PropertyValueSpecification\",\"valueRequired\":true,\"valueName\":\"search_term_string\"}}],\"inLanguage\":\"es\"}]}<\/script>\n<!-- \/ Yoast SEO plugin. -->","yoast_head_json":{"title":"IRAULTZA TXIKIEN AKANPADA 2026 - izarkom","description":"Con el objetivo de impulsar la lucha contra el pol\u00edgono de tiro de Bardenas y despu\u00e9s de meses tejiendo redes colectivas, recibir propuestas y sentir el pulso del movimiento popular\u2026. \u00a1nos llega Iraultza Txikien Akanpada 2026!Los encuentros del movimiento popular de Euskal Herria contar\u00e1n con diferentes espacios para seguir tejiendo redes de colaboraci\u00f3n y afinidades entre internacionalismo, ecologismo, feminismo y antimilitarismo, entre otros. As\u00ed mismo, se denunciar\u00e1 en voz alta la nueva amenaza del pol\u00edgono de tiro (propuesta de renovaci\u00f3n 2028 ) y la ofensiva militarista de la OTAN y la UE. Adem\u00e1s, se reactivar\u00e1 un espacio para que los movimientos populares de toda Euskal Herria se unan, crean redes, complicidades y compartan luchas.","robots":{"index":"index","follow":"follow","max-snippet":"max-snippet:-1","max-image-preview":"max-image-preview:large","max-video-preview":"max-video-preview:-1"},"canonical":"https:\/\/www.izarkom.eus\/es\/ekitaldiak\/iraultza-txikien-akanpada-2026\/","og_locale":"es_ES","og_type":"article","og_title":"IRAULTZA TXIKIEN AKANPADA 2026","og_description":"Con el objetivo de impulsar la lucha contra el pol\u00edgono de tiro de Bardenas y despu\u00e9s de meses tejiendo redes colectivas, recibir propuestas y sentir el pulso del movimiento popular\u2026. \u00a1nos llega Iraultza Txikien Akanpada 2026!Los encuentros del movimiento popular de Euskal Herria contar\u00e1n con diferentes espacios para seguir tejiendo redes de colaboraci\u00f3n y afinidades entre internacionalismo, ecologismo, feminismo y antimilitarismo, entre otros. As\u00ed mismo, se denunciar\u00e1 en voz alta la nueva amenaza del pol\u00edgono de tiro (propuesta de renovaci\u00f3n 2028 ) y la ofensiva militarista de la OTAN y la UE. Adem\u00e1s, se reactivar\u00e1 un espacio para que los movimientos populares de toda Euskal Herria se unan, crean redes, complicidades y compartan luchas.","og_url":"https:\/\/www.izarkom.eus\/es\/ekitaldiak\/iraultza-txikien-akanpada-2026\/","og_site_name":"izarkom","article_modified_time":"2026-08-31T11:45:56+00:00","og_image":[{"url":"https:\/\/www.izarkom.eus\/wp-content\/uploads\/2026\/08\/ITA26-300x300.jpg","type":"","width":"","height":""}],"twitter_card":"summary_large_image","twitter_misc":{"Tiempo de lectura":"2 minutos"},"schema":{"@context":"https:\/\/schema.org","@graph":[{"@type":"WebPage","@id":"https:\/\/www.izarkom.eus\/es\/ekitaldiak\/iraultza-txikien-akanpada-2026\/","url":"https:\/\/www.izarkom.eus\/es\/ekitaldiak\/iraultza-txikien-akanpada-2026\/","name":"IRAULTZA TXIKIEN AKANPADA 2026 - izarkom","isPartOf":{"@id":"https:\/\/www.izarkom.eus\/#website"},"primaryImageOfPage":{"@id":"https:\/\/www.izarkom.eus\/es\/ekitaldiak\/iraultza-txikien-akanpada-2026\/#primaryimage"},"image":{"@id":"https:\/\/www.izarkom.eus\/es\/ekitaldiak\/iraultza-txikien-akanpada-2026\/#primaryimage"},"thumbnailUrl":"https:\/\/www.izarkom.eus\/wp-content\/uploads\/2026\/08\/ITA26.jpg","datePublished":"2026-08-31T11:36:59+00:00","dateModified":"2026-08-31T11:45:56+00:00","description":"Con el objetivo de impulsar la lucha contra el pol\u00edgono de tiro de Bardenas y despu\u00e9s de meses tejiendo redes colectivas, recibir propuestas y sentir el pulso del movimiento popular\u2026. \u00a1nos llega Iraultza Txikien Akanpada 2026!Los encuentros del movimiento popular de Euskal Herria contar\u00e1n con diferentes espacios para seguir tejiendo redes de colaboraci\u00f3n y afinidades entre internacionalismo, ecologismo, feminismo y antimilitarismo, entre otros. As\u00ed mismo, se denunciar\u00e1 en voz alta la nueva amenaza del pol\u00edgono de tiro (propuesta de renovaci\u00f3n 2028 ) y la ofensiva militarista de la OTAN y la UE. Adem\u00e1s, se reactivar\u00e1 un espacio para que los movimientos populares de toda Euskal Herria se unan, crean redes, complicidades y compartan luchas.","breadcrumb":{"@id":"https:\/\/www.izarkom.eus\/es\/ekitaldiak\/iraultza-txikien-akanpada-2026\/#breadcrumb"},"inLanguage":"es","potentialAction":[{"@type":"ReadAction","target":["https:\/\/www.izarkom.eus\/es\/ekitaldiak\/iraultza-txikien-akanpada-2026\/"]}]},{"@type":"ImageObject","inLanguage":"es","@id":"https:\/\/www.izarkom.eus\/es\/ekitaldiak\/iraultza-txikien-akanpada-2026\/#primaryimage","url":"https:\/\/www.izarkom.eus\/wp-content\/uploads\/2026\/08\/ITA26.jpg","contentUrl":"https:\/\/www.izarkom.eus\/wp-content\/uploads\/2026\/08\/ITA26.jpg","width":640,"height":640},{"@type":"BreadcrumbList","@id":"https:\/\/www.izarkom.eus\/es\/ekitaldiak\/iraultza-txikien-akanpada-2026\/#breadcrumb","itemListElement":[{"@type":"ListItem","position":1,"name":"Home","item":"https:\/\/www.izarkom.eus\/"},{"@type":"ListItem","position":2,"name":"Ekitaldiak","item":"https:\/\/www.izarkom.eus\/events\/"},{"@type":"ListItem","position":3,"name":"IRAULTZA TXIKIEN AKANPADA 2026"}]},{"@type":"WebSite","@id":"https:\/\/www.izarkom.eus\/#website","url":"https:\/\/www.izarkom.eus\/","name":"izarkom","description":"Izarkom, Euskal Herriko telekomunikazio kooperatiba","potentialAction":[{"@type":"SearchAction","target":{"@type":"EntryPoint","urlTemplate":"https:\/\/www.izarkom.eus\/?s={search_term_string}"},"query-input":{"@type":"PropertyValueSpecification","valueRequired":true,"valueName":"search_term_string"}}],"inLanguage":"es"}]}},"_links":{"self":[{"href":"https:\/\/www.izarkom.eus\/es\/wp-json\/wp\/v2\/tribe_events\/30488","targetHints":{"allow":["GET"]}}],"collection":[{"href":"https:\/\/www.izarkom.eus\/es\/wp-json\/wp\/v2\/tribe_events"}],"about":[{"href":"https:\/\/www.izarkom.eus\/es\/wp-json\/wp\/v2\/types\/tribe_events"}],"author":[{"embeddable":true,"href":"https:\/\/www.izarkom.eus\/es\/wp-json\/wp\/v2\/users\/10"}],"version-history":[{"count":5,"href":"https:\/\/www.izarkom.eus\/es\/wp-json\/wp\/v2\/tribe_events\/30488\/revisions"}],"predecessor-version":[{"id":30495,"href":"https:\/\/www.izarkom.eus\/es\/wp-json\/wp\/v2\/tribe_events\/30488\/revisions\/30495"}],"wp:featuredmedia":[{"embeddable":true,"href":"https:\/\/www.izarkom.eus\/es\/wp-json\/wp\/v2\/media\/30487"}],"wp:attachment":[{"href":"https:\/\/www.izarkom.eus\/es\/wp-json\/wp\/v2\/media?parent=30488"}],"wp:term":[{"taxonomy":"post_tag","embeddable":true,"href":"https:\/\/www.izarkom.eus\/es\/wp-json\/wp\/v2\/tags?post=30488"},{"taxonomy":"tribe_events_cat","embeddable":true,"href":"https:\/\/www.izarkom.eus\/es\/wp-json\/wp\/v2\/tribe_events_cat?post=30488"}],"curies":[{"name":"wp","href":"https:\/\/api.w.org\/{rel}","templated":true}]}}