{"id":27014,"date":"2026-01-22T10:27:15","date_gmt":"2026-01-22T09:27:15","guid":{"rendered":"https:\/\/www.izarkom.eus\/ekitaldiak\/como-proteger-nuestra-vida-digital\/"},"modified":"2026-01-30T10:12:01","modified_gmt":"2026-01-30T09:12:01","slug":"como-proteger-nuestra-vida-digital","status":"publish","type":"tribe_events","link":"https:\/\/www.izarkom.eus\/es\/ekitaldiak\/como-proteger-nuestra-vida-digital\/","title":{"rendered":"\u00bfC\u00f3mo proteger nuestra vida digital?"},"content":{"rendered":"<p>[et_pb_section fb_built=\u00bb1&#8243; _builder_version=\u00bb4.16&#8243; da_disable_devices=\u00bboff|off|off\u00bb locked=\u00bboff\u00bb global_colors_info=\u00bb{}\u00bb da_is_popup=\u00bboff\u00bb da_exit_intent=\u00bboff\u00bb da_has_close=\u00bbon\u00bb da_alt_close=\u00bboff\u00bb da_dark_close=\u00bboff\u00bb da_not_modal=\u00bbon\u00bb da_is_singular=\u00bboff\u00bb da_with_loader=\u00bboff\u00bb da_has_shadow=\u00bbon\u00bb][et_pb_row _builder_version=\u00bb4.16&#8243; background_size=\u00bbinitial\u00bb background_position=\u00bbtop_left\u00bb background_repeat=\u00bbrepeat\u00bb global_colors_info=\u00bb{}\u00bb][et_pb_column type=\u00bb4_4&#8243; _builder_version=\u00bb4.16&#8243; custom_padding=\u00bb|||\u00bb global_colors_info=\u00bb{}\u00bb custom_padding__hover=\u00bb|||\u00bb][et_pb_button button_url=\u00bbhttps:\/\/www.izarkom.eus\/ekitaldiak\/nola-babestu-gure-bizitza-digitala\/\u00bb button_text=\u00bbIkusi euskaraz\u00bb button_alignment=\u00bbcenter\u00bb module_class=\u00bbIzenEmatea_bt\u00bb _builder_version=\u00bb4.25.1&#8243; _module_preset=\u00bbdefault\u00bb custom_button=\u00bbon\u00bb button_text_size=\u00bb17px\u00bb button_text_color=\u00bb#FFFFFF\u00bb button_bg_color=\u00bb#BA0533&#8243; button_icon=\u00bb&#x6c;||divi||400&#8243; custom_margin=\u00bb61px||||false|false\u00bb hover_enabled=\u00bb0&#8243; global_colors_info=\u00bb{}\u00bb sticky_enabled=\u00bb0&#8243;][\/et_pb_button][et_pb_text _builder_version=\u00bb4.25.1&#8243; text_font=\u00bb|300|||||||\u00bb background_size=\u00bbinitial\u00bb background_position=\u00bbtop_left\u00bb background_repeat=\u00bbrepeat\u00bb global_colors_info=\u00bb{}\u00bb]<\/p>\n<p style=\"font-size: 100%;\"><span style=\"font-weight: 400;\">En este mundo h\u00edbrido \u00abfigital\u00bb, vamos construyendo nuestra identidad en paralelo y en velocidades diferentes. A menudo nos atrevemos a hacer en la vida digital cosas que no har\u00edamos en la vida f\u00edsica, como si nadie estuviera mirando. Pero para cuando nos damos cuenta, las redes sociales tienen un tremendo, en ocasiones, imparable efecto multiplicador, y es muy dif\u00edcil borrar la huella que dejamos.<\/span><\/p>\n<p style=\"font-size: 100%;\"><span style=\"font-weight: 400;\">Esta econom\u00eda de los datos tiene dr\u00e1sticas consecuencias para los individuos y las sociedades. Porque mientras nuestra navegaci\u00f3n sigue acumulando beneficios a las multinacionales, nuestra privacidad y seguridad se encuentran en peligro. Es imprescindible tomar medidas para proteger nuestra vida digital ante la proliferaci\u00f3n de violaciones legales y problemas psicosociales. Profundizaremos m\u00e1s en la siguiente sesi\u00f3n con la ayuda de Unai Aberasturi.<\/span><\/p>\n<p>[\/et_pb_text][et_pb_text _builder_version=\u00bb4.25.1&#8243; text_font=\u00bb|300|||||||\u00bb background_size=\u00bbinitial\u00bb background_position=\u00bbtop_left\u00bb background_repeat=\u00bbrepeat\u00bb width=\u00bb90%\u00bb module_alignment=\u00bbcenter\u00bb global_colors_info=\u00bb{}\u00bb]<\/p>\n<p style=\"font-size: 100%;\"><b>Ponente (s): <\/b><strong>Unai Aberasturi Gorri\u00f1o:<\/strong><br \/>Es jurista, administrativo y profesor universitario. En la actualidad, presidente de la Autoridad Vasca de Protecci\u00f3n de Datos (<a href=\"https:\/\/www.avpd.eus\/hasiera\/\">AVPD<\/a>).<\/p>\n<p style=\"font-size: 100%;\">Licenciado y doctor en Derecho. Profesor e investigador tanto de la UOC como de la UPV. Ha analizado \u00e1mbitos como la salud, los derechos humanos, el medio ambiente, el espacio p\u00fablico, la administraci\u00f3n electr\u00f3nica o la privacidad, entre otros.<\/p>\n<p>[\/et_pb_text][et_pb_button button_url=\u00bbhttps:\/\/www.izarkom.eus\/es\/eskola-izen-ematea_es\/\u00bb button_text=\u00bbAp\u00fantate\u00bb button_alignment=\u00bbcenter\u00bb module_class=\u00bbIzenEmatea_bt\u00bb _builder_version=\u00bb4.25.1&#8243; _module_preset=\u00bbdefault\u00bb custom_button=\u00bbon\u00bb button_text_size=\u00bb17px\u00bb button_text_color=\u00bb#FFFFFF\u00bb button_bg_color=\u00bb#BA0533&#8243; button_icon=\u00bb&#x6c;||divi||400&#8243; custom_margin=\u00bb61px||||false|false\u00bb global_colors_info=\u00bb{}\u00bb][\/et_pb_button][et_pb_text _builder_version=\u00bb4.25.1&#8243; _module_preset=\u00bbdefault\u00bb text_font=\u00bb|300|||||||\u00bb background_size=\u00bbinitial\u00bb background_position=\u00bbtop_left\u00bb background_repeat=\u00bbrepeat\u00bb global_colors_info=\u00bb{}\u00bb]<\/p>\n<p style=\"font-size: 100%;\">Te agradecer\u00edamos que te apuntaras con el objetivo de facilitar la log\u00edstica especial de la escuela. <strong>Es gratuita y opcional.<\/strong><\/p>\n<p style=\"font-size: 100%;\">De esta forma, los d\u00edas previos a la sesi\u00f3n te enviar\u00edamos un recordatorio v\u00eda email. Dado que las sesiones tienen un aforo limitado, si se superara el aforo <strong>se dar\u00e1 prioridad a las inscritas.<\/strong><\/p>\n<p>* Todas las sesiones ser\u00e1n en euskera.<\/p>\n<p>[\/et_pb_text][et_pb_button button_url=\u00bbhttps:\/\/www.izarkom.eus\/es\/izarkom-eskola\/\u00bb button_text=\u00bbVolver a la p\u00e1gina de Eskola\u00bb button_alignment=\u00bbcenter\u00bb module_class=\u00bbIzenEmatea_bt\u00bb _builder_version=\u00bb4.25.1&#8243; _module_preset=\u00bbdefault\u00bb custom_button=\u00bbon\u00bb button_text_size=\u00bb17px\u00bb button_text_color=\u00bb#FFFFFF\u00bb button_bg_color=\u00bb#BA0533&#8243; button_use_icon=\u00bboff\u00bb custom_margin=\u00bb||||false|false\u00bb global_colors_info=\u00bb{}\u00bb][\/et_pb_button][\/et_pb_column][\/et_pb_row][\/et_pb_section]<\/p>\n","protected":false},"excerpt":{"rendered":"<p>En este mundo h\u00edbrido \u00abfigital\u00bb, vamos construyendo nuestra identidad en paralelo y en velocidades diferentes. A menudo nos atrevemos a hacer en la vida digital cosas que no har\u00edamos en [&hellip;]<\/p>\n","protected":false},"author":10,"featured_media":27010,"template":"","meta":{"_et_pb_use_builder":"on","_et_pb_old_content":"","_et_gb_content_width":"","_tribe_events_status":"","_tribe_events_status_reason":"","footnotes":""},"tags":[269,270,271,272,64],"tribe_events_cat":[230],"class_list":["post-27014","tribe_events","type-tribe_events","status-publish","has-post-thumbnail","hentry","tag-alternatiba-es-2","tag-arriskua-es","tag-aztarna-digitala-es","tag-bizitza-digitala-es","tag-internet-es","tribe_events_cat-izarkom-eskola","cat_izarkom-eskola"],"yoast_head":"<!-- This site is optimized with the Yoast SEO plugin v27.5 - https:\/\/yoast.com\/product\/yoast-seo-wordpress\/ -->\n<title>\u00bfC\u00f3mo proteger nuestra vida digital? - izarkom<\/title>\n<meta name=\"description\" content=\"En este mundo h\u00edbrido &quot;figital&quot;, vamos construyendo nuestra identidad en paralelo y en velocidades diferentes. A menudo nos atrevemos a hacer en la vida digital cosas que no har\u00edamos en la vida f\u00edsica, como si nadie estuviera mirando. Pero para cuando nos damos cuenta, las redes sociales tienen un tremendo, en ocasiones, imparable efecto multiplicador, y es muy dif\u00edcil borrar la huella que dejamos. De la mano de Unai Aberasturi en la s\u00e9ptima sesi\u00f3n de Izarkom Eskola.\" \/>\n<meta name=\"robots\" content=\"index, follow, max-snippet:-1, max-image-preview:large, max-video-preview:-1\" \/>\n<link rel=\"canonical\" href=\"https:\/\/www.izarkom.eus\/es\/ekitaldiak\/como-proteger-nuestra-vida-digital\/\" \/>\n<meta property=\"og:locale\" content=\"es_ES\" \/>\n<meta property=\"og:type\" content=\"article\" \/>\n<meta property=\"og:title\" content=\"\u00bfC\u00f3mo proteger nuestra vida digital?\" \/>\n<meta property=\"og:description\" content=\"En este mundo h\u00edbrido &quot;figital&quot;, vamos construyendo nuestra identidad en paralelo y en velocidades diferentes. A menudo nos atrevemos a hacer en la vida digital cosas que no har\u00edamos en la vida f\u00edsica, como si nadie estuviera mirando. Pero para cuando nos damos cuenta, las redes sociales tienen un tremendo, en ocasiones, imparable efecto multiplicador, y es muy dif\u00edcil borrar la huella que dejamos. De la mano de Unai Aberasturi en la s\u00e9ptima sesi\u00f3n de Izarkom Eskola.\" \/>\n<meta property=\"og:url\" content=\"https:\/\/www.izarkom.eus\/es\/ekitaldiak\/como-proteger-nuestra-vida-digital\/\" \/>\n<meta property=\"og:site_name\" content=\"izarkom\" \/>\n<meta property=\"article:modified_time\" content=\"2026-01-30T09:12:01+00:00\" \/>\n<meta property=\"og:image\" content=\"https:\/\/www.izarkom.eus\/wp-content\/uploads\/2025\/08\/IZARKOM-ESKOLA-UDA-png-300x300.png\" \/>\n<meta name=\"twitter:card\" content=\"summary_large_image\" \/>\n<meta name=\"twitter:label1\" content=\"Tiempo de lectura\" \/>\n\t<meta name=\"twitter:data1\" content=\"2 minutos\" \/>\n<script type=\"application\/ld+json\" class=\"yoast-schema-graph\">{\"@context\":\"https:\\\/\\\/schema.org\",\"@graph\":[{\"@type\":\"WebPage\",\"@id\":\"https:\\\/\\\/www.izarkom.eus\\\/es\\\/ekitaldiak\\\/como-proteger-nuestra-vida-digital\\\/\",\"url\":\"https:\\\/\\\/www.izarkom.eus\\\/es\\\/ekitaldiak\\\/como-proteger-nuestra-vida-digital\\\/\",\"name\":\"\u00bfC\u00f3mo proteger nuestra vida digital? - izarkom\",\"isPartOf\":{\"@id\":\"https:\\\/\\\/www.izarkom.eus\\\/#website\"},\"primaryImageOfPage\":{\"@id\":\"https:\\\/\\\/www.izarkom.eus\\\/es\\\/ekitaldiak\\\/como-proteger-nuestra-vida-digital\\\/#primaryimage\"},\"image\":{\"@id\":\"https:\\\/\\\/www.izarkom.eus\\\/es\\\/ekitaldiak\\\/como-proteger-nuestra-vida-digital\\\/#primaryimage\"},\"thumbnailUrl\":\"https:\\\/\\\/www.izarkom.eus\\\/wp-content\\\/uploads\\\/2026\\\/01\\\/ESKOLA-BIDEOA-UNAI-ABERASTURI.gif\",\"datePublished\":\"2026-01-22T09:27:15+00:00\",\"dateModified\":\"2026-01-30T09:12:01+00:00\",\"description\":\"En este mundo h\u00edbrido \\\"figital\\\", vamos construyendo nuestra identidad en paralelo y en velocidades diferentes. A menudo nos atrevemos a hacer en la vida digital cosas que no har\u00edamos en la vida f\u00edsica, como si nadie estuviera mirando. Pero para cuando nos damos cuenta, las redes sociales tienen un tremendo, en ocasiones, imparable efecto multiplicador, y es muy dif\u00edcil borrar la huella que dejamos. De la mano de Unai Aberasturi en la s\u00e9ptima sesi\u00f3n de Izarkom Eskola.\",\"breadcrumb\":{\"@id\":\"https:\\\/\\\/www.izarkom.eus\\\/es\\\/ekitaldiak\\\/como-proteger-nuestra-vida-digital\\\/#breadcrumb\"},\"inLanguage\":\"es\",\"potentialAction\":[{\"@type\":\"ReadAction\",\"target\":[\"https:\\\/\\\/www.izarkom.eus\\\/es\\\/ekitaldiak\\\/como-proteger-nuestra-vida-digital\\\/\"]}]},{\"@type\":\"ImageObject\",\"inLanguage\":\"es\",\"@id\":\"https:\\\/\\\/www.izarkom.eus\\\/es\\\/ekitaldiak\\\/como-proteger-nuestra-vida-digital\\\/#primaryimage\",\"url\":\"https:\\\/\\\/www.izarkom.eus\\\/wp-content\\\/uploads\\\/2026\\\/01\\\/ESKOLA-BIDEOA-UNAI-ABERASTURI.gif\",\"contentUrl\":\"https:\\\/\\\/www.izarkom.eus\\\/wp-content\\\/uploads\\\/2026\\\/01\\\/ESKOLA-BIDEOA-UNAI-ABERASTURI.gif\",\"width\":500,\"height\":500},{\"@type\":\"BreadcrumbList\",\"@id\":\"https:\\\/\\\/www.izarkom.eus\\\/es\\\/ekitaldiak\\\/como-proteger-nuestra-vida-digital\\\/#breadcrumb\",\"itemListElement\":[{\"@type\":\"ListItem\",\"position\":1,\"name\":\"Home\",\"item\":\"https:\\\/\\\/www.izarkom.eus\\\/\"},{\"@type\":\"ListItem\",\"position\":2,\"name\":\"Ekitaldiak\",\"item\":\"https:\\\/\\\/www.izarkom.eus\\\/events\\\/\"},{\"@type\":\"ListItem\",\"position\":3,\"name\":\"\u00bfC\u00f3mo proteger nuestra vida digital?\"}]},{\"@type\":\"WebSite\",\"@id\":\"https:\\\/\\\/www.izarkom.eus\\\/#website\",\"url\":\"https:\\\/\\\/www.izarkom.eus\\\/\",\"name\":\"izarkom\",\"description\":\"Izarkom, Euskal Herriko telekomunikazio kooperatiba\",\"potentialAction\":[{\"@type\":\"SearchAction\",\"target\":{\"@type\":\"EntryPoint\",\"urlTemplate\":\"https:\\\/\\\/www.izarkom.eus\\\/?s={search_term_string}\"},\"query-input\":{\"@type\":\"PropertyValueSpecification\",\"valueRequired\":true,\"valueName\":\"search_term_string\"}}],\"inLanguage\":\"es\"}]}<\/script>\n<!-- \/ Yoast SEO plugin. -->","yoast_head_json":{"title":"\u00bfC\u00f3mo proteger nuestra vida digital? - izarkom","description":"En este mundo h\u00edbrido \"figital\", vamos construyendo nuestra identidad en paralelo y en velocidades diferentes. A menudo nos atrevemos a hacer en la vida digital cosas que no har\u00edamos en la vida f\u00edsica, como si nadie estuviera mirando. Pero para cuando nos damos cuenta, las redes sociales tienen un tremendo, en ocasiones, imparable efecto multiplicador, y es muy dif\u00edcil borrar la huella que dejamos. De la mano de Unai Aberasturi en la s\u00e9ptima sesi\u00f3n de Izarkom Eskola.","robots":{"index":"index","follow":"follow","max-snippet":"max-snippet:-1","max-image-preview":"max-image-preview:large","max-video-preview":"max-video-preview:-1"},"canonical":"https:\/\/www.izarkom.eus\/es\/ekitaldiak\/como-proteger-nuestra-vida-digital\/","og_locale":"es_ES","og_type":"article","og_title":"\u00bfC\u00f3mo proteger nuestra vida digital?","og_description":"En este mundo h\u00edbrido \"figital\", vamos construyendo nuestra identidad en paralelo y en velocidades diferentes. A menudo nos atrevemos a hacer en la vida digital cosas que no har\u00edamos en la vida f\u00edsica, como si nadie estuviera mirando. Pero para cuando nos damos cuenta, las redes sociales tienen un tremendo, en ocasiones, imparable efecto multiplicador, y es muy dif\u00edcil borrar la huella que dejamos. De la mano de Unai Aberasturi en la s\u00e9ptima sesi\u00f3n de Izarkom Eskola.","og_url":"https:\/\/www.izarkom.eus\/es\/ekitaldiak\/como-proteger-nuestra-vida-digital\/","og_site_name":"izarkom","article_modified_time":"2026-01-30T09:12:01+00:00","og_image":[{"url":"https:\/\/www.izarkom.eus\/wp-content\/uploads\/2025\/08\/IZARKOM-ESKOLA-UDA-png-300x300.png","type":"","width":"","height":""}],"twitter_card":"summary_large_image","twitter_misc":{"Tiempo de lectura":"2 minutos"},"schema":{"@context":"https:\/\/schema.org","@graph":[{"@type":"WebPage","@id":"https:\/\/www.izarkom.eus\/es\/ekitaldiak\/como-proteger-nuestra-vida-digital\/","url":"https:\/\/www.izarkom.eus\/es\/ekitaldiak\/como-proteger-nuestra-vida-digital\/","name":"\u00bfC\u00f3mo proteger nuestra vida digital? - izarkom","isPartOf":{"@id":"https:\/\/www.izarkom.eus\/#website"},"primaryImageOfPage":{"@id":"https:\/\/www.izarkom.eus\/es\/ekitaldiak\/como-proteger-nuestra-vida-digital\/#primaryimage"},"image":{"@id":"https:\/\/www.izarkom.eus\/es\/ekitaldiak\/como-proteger-nuestra-vida-digital\/#primaryimage"},"thumbnailUrl":"https:\/\/www.izarkom.eus\/wp-content\/uploads\/2026\/01\/ESKOLA-BIDEOA-UNAI-ABERASTURI.gif","datePublished":"2026-01-22T09:27:15+00:00","dateModified":"2026-01-30T09:12:01+00:00","description":"En este mundo h\u00edbrido \"figital\", vamos construyendo nuestra identidad en paralelo y en velocidades diferentes. A menudo nos atrevemos a hacer en la vida digital cosas que no har\u00edamos en la vida f\u00edsica, como si nadie estuviera mirando. Pero para cuando nos damos cuenta, las redes sociales tienen un tremendo, en ocasiones, imparable efecto multiplicador, y es muy dif\u00edcil borrar la huella que dejamos. De la mano de Unai Aberasturi en la s\u00e9ptima sesi\u00f3n de Izarkom Eskola.","breadcrumb":{"@id":"https:\/\/www.izarkom.eus\/es\/ekitaldiak\/como-proteger-nuestra-vida-digital\/#breadcrumb"},"inLanguage":"es","potentialAction":[{"@type":"ReadAction","target":["https:\/\/www.izarkom.eus\/es\/ekitaldiak\/como-proteger-nuestra-vida-digital\/"]}]},{"@type":"ImageObject","inLanguage":"es","@id":"https:\/\/www.izarkom.eus\/es\/ekitaldiak\/como-proteger-nuestra-vida-digital\/#primaryimage","url":"https:\/\/www.izarkom.eus\/wp-content\/uploads\/2026\/01\/ESKOLA-BIDEOA-UNAI-ABERASTURI.gif","contentUrl":"https:\/\/www.izarkom.eus\/wp-content\/uploads\/2026\/01\/ESKOLA-BIDEOA-UNAI-ABERASTURI.gif","width":500,"height":500},{"@type":"BreadcrumbList","@id":"https:\/\/www.izarkom.eus\/es\/ekitaldiak\/como-proteger-nuestra-vida-digital\/#breadcrumb","itemListElement":[{"@type":"ListItem","position":1,"name":"Home","item":"https:\/\/www.izarkom.eus\/"},{"@type":"ListItem","position":2,"name":"Ekitaldiak","item":"https:\/\/www.izarkom.eus\/events\/"},{"@type":"ListItem","position":3,"name":"\u00bfC\u00f3mo proteger nuestra vida digital?"}]},{"@type":"WebSite","@id":"https:\/\/www.izarkom.eus\/#website","url":"https:\/\/www.izarkom.eus\/","name":"izarkom","description":"Izarkom, Euskal Herriko telekomunikazio kooperatiba","potentialAction":[{"@type":"SearchAction","target":{"@type":"EntryPoint","urlTemplate":"https:\/\/www.izarkom.eus\/?s={search_term_string}"},"query-input":{"@type":"PropertyValueSpecification","valueRequired":true,"valueName":"search_term_string"}}],"inLanguage":"es"}]}},"_links":{"self":[{"href":"https:\/\/www.izarkom.eus\/es\/wp-json\/wp\/v2\/tribe_events\/27014","targetHints":{"allow":["GET"]}}],"collection":[{"href":"https:\/\/www.izarkom.eus\/es\/wp-json\/wp\/v2\/tribe_events"}],"about":[{"href":"https:\/\/www.izarkom.eus\/es\/wp-json\/wp\/v2\/types\/tribe_events"}],"author":[{"embeddable":true,"href":"https:\/\/www.izarkom.eus\/es\/wp-json\/wp\/v2\/users\/10"}],"version-history":[{"count":5,"href":"https:\/\/www.izarkom.eus\/es\/wp-json\/wp\/v2\/tribe_events\/27014\/revisions"}],"predecessor-version":[{"id":27104,"href":"https:\/\/www.izarkom.eus\/es\/wp-json\/wp\/v2\/tribe_events\/27014\/revisions\/27104"}],"wp:featuredmedia":[{"embeddable":true,"href":"https:\/\/www.izarkom.eus\/es\/wp-json\/wp\/v2\/media\/27010"}],"wp:attachment":[{"href":"https:\/\/www.izarkom.eus\/es\/wp-json\/wp\/v2\/media?parent=27014"}],"wp:term":[{"taxonomy":"post_tag","embeddable":true,"href":"https:\/\/www.izarkom.eus\/es\/wp-json\/wp\/v2\/tags?post=27014"},{"taxonomy":"tribe_events_cat","embeddable":true,"href":"https:\/\/www.izarkom.eus\/es\/wp-json\/wp\/v2\/tribe_events_cat?post=27014"}],"curies":[{"name":"wp","href":"https:\/\/api.w.org\/{rel}","templated":true}]}}