{"id":26836,"date":"2026-01-15T09:31:49","date_gmt":"2026-01-15T08:31:49","guid":{"rendered":"https:\/\/www.izarkom.eus\/ekitaldiak\/inauguracion-de-la-oficina-de-irunea\/"},"modified":"2026-01-15T09:35:50","modified_gmt":"2026-01-15T08:35:50","slug":"inauguracion-de-la-oficina-de-irunea","status":"publish","type":"tribe_events","link":"https:\/\/www.izarkom.eus\/es\/ekitaldiak\/inauguracion-de-la-oficina-de-irunea\/","title":{"rendered":"Inauguraci\u00f3n de la oficina de Iru\u00f1ea"},"content":{"rendered":"<p>[et_pb_section fb_built=\u00bb1&#8243; _builder_version=\u00bb4.16&#8243; da_disable_devices=\u00bboff|off|off\u00bb locked=\u00bboff\u00bb global_colors_info=\u00bb{}\u00bb da_is_popup=\u00bboff\u00bb da_exit_intent=\u00bboff\u00bb da_has_close=\u00bbon\u00bb da_alt_close=\u00bboff\u00bb da_dark_close=\u00bboff\u00bb da_not_modal=\u00bbon\u00bb da_is_singular=\u00bboff\u00bb da_with_loader=\u00bboff\u00bb da_has_shadow=\u00bbon\u00bb][et_pb_row _builder_version=\u00bb4.16&#8243; background_size=\u00bbinitial\u00bb background_position=\u00bbtop_left\u00bb background_repeat=\u00bbrepeat\u00bb hover_enabled=\u00bb0&#8243; global_colors_info=\u00bb{}\u00bb sticky_enabled=\u00bb0&#8243;][et_pb_column type=\u00bb4_4&#8243; _builder_version=\u00bb4.16&#8243; custom_padding=\u00bb|||\u00bb global_colors_info=\u00bb{}\u00bb custom_padding__hover=\u00bb|||\u00bb][et_pb_text _builder_version=\u00bb4.25.1&#8243; text_font=\u00bb|300|||||||\u00bb background_size=\u00bbinitial\u00bb background_position=\u00bbtop_left\u00bb background_repeat=\u00bbrepeat\u00bb hover_enabled=\u00bb0&#8243; global_colors_info=\u00bb{}\u00bb sticky_enabled=\u00bb0&#8243;]<\/p>\n<p style=\"font-size: 100%;\">Hace ya medio a\u00f1o que, tras el gran apag\u00f3n de abril, las cooperativas Goiener e Izarkom iniciamos una colaboraci\u00f3n estrat\u00e9gica en el \u00e1mbito de la energ\u00eda y las telecomunicaciones. El primer paso que dimos fue el manifiesto Itzali sistema, piztu alternatibak, el que recibi\u00f3 un gran apoyo social. Ahora vamos a por el siguiente, con la apertura de la nueva oficina que compartiremos en Iru\u00f1ea ambas cooperativas:<\/p>\n<p>&nbsp;<\/p>\n<p style=\"font-size: 100%;\">El jueves 22 de enero a las 19:00 de la tarde habr\u00e1 un acto de inauguraci\u00f3n conjunto, comida-bebida y una oferta cultural a cargo de las bertsolaris Mintxo Astitz y Ainara Yeregi y DJ Moreira<\/p>\n<p>[\/et_pb_text][et_pb_text _builder_version=\u00bb4.25.1&#8243; text_font=\u00bb|300|||||||\u00bb background_size=\u00bbinitial\u00bb background_position=\u00bbtop_left\u00bb background_repeat=\u00bbrepeat\u00bb width=\u00bb90%\u00bb module_alignment=\u00bbcenter\u00bb hover_enabled=\u00bb0&#8243; global_colors_info=\u00bb{}\u00bb sticky_enabled=\u00bb0&#8243;]<\/p>\n<p style=\"font-size: 100%;\"> <strong>Por ello, nos gustar\u00eda que estuvieras presente en este acto tan especial. <\/strong> Para saber el n\u00famero de personas que nos vamos a reunir, te agradecer\u00edamos nos confirmaras tu asistencia rellenando el siguiente formulario:<\/p>\n<p>[\/et_pb_text][et_pb_button button_url=\u00bbhttps:\/\/form.jotform.com\/260116036707349?utm_campaign=goiener-eta-gipuzkoako-pilota&amp;utm_medium=email&amp;utm_source=acumbamail\u00bb button_text=\u00bbConfirmar  Asistencia\u00bb button_alignment=\u00bbcenter\u00bb module_class=\u00bbIzenEmatea_bt\u00bb _builder_version=\u00bb4.25.1&#8243; _module_preset=\u00bbdefault\u00bb custom_button=\u00bbon\u00bb button_text_size=\u00bb17px\u00bb button_text_color=\u00bb#FFFFFF\u00bb button_bg_color=\u00bb#BA0533&#8243; button_icon=\u00bb&#x6c;||divi||400&#8243; custom_margin=\u00bb61px||||false|false\u00bb hover_enabled=\u00bb0&#8243; global_colors_info=\u00bb{}\u00bb sticky_enabled=\u00bb0&#8243;][\/et_pb_button][\/et_pb_column][\/et_pb_row][\/et_pb_section]<\/p>\n","protected":false},"excerpt":{"rendered":"<p>Hace ya medio a\u00f1o que, tras el gran apag\u00f3n de abril, las cooperativas Goiener e Izarkom iniciamos una colaboraci\u00f3n estrat\u00e9gica en el \u00e1mbito de la energ\u00eda y las telecomunicaciones. El [&hellip;]<\/p>\n","protected":false},"author":10,"featured_media":26794,"template":"","meta":{"_et_pb_use_builder":"on","_et_pb_old_content":"","_et_gb_content_width":"","_tribe_events_status":"","_tribe_events_status_reason":"","footnotes":""},"tags":[243,242],"tribe_events_cat":[208,246],"class_list":["post-26836","tribe_events","type-tribe_events","status-publish","has-post-thumbnail","hentry","tag-inaugurazioa","tag-irunea","tribe_events_cat-bestelakoak-es","tribe_events_cat-cooperacion-goiener-izarkom","cat_bestelakoak-es","cat_cooperacion-goiener-izarkom"],"yoast_head":"<!-- This site is optimized with the Yoast SEO plugin v27.5 - https:\/\/yoast.com\/product\/yoast-seo-wordpress\/ -->\n<title>Inauguraci\u00f3n de la oficina de Iru\u00f1ea - izarkom<\/title>\n<meta name=\"description\" content=\"El jueves 22 de enero a las 19:00 de la tarde habr\u00e1 un acto de inauguraci\u00f3n conjunto, comida-bebida y una oferta cultural a cargo de las bertsolaris Mintxo Astitz y Ainara Yeregi y DJ Moreira\" \/>\n<meta name=\"robots\" content=\"index, follow, max-snippet:-1, max-image-preview:large, max-video-preview:-1\" \/>\n<link rel=\"canonical\" href=\"https:\/\/www.izarkom.eus\/ekitaldiak\/iruneko-bulegoaren-inaugurazioa\/\" \/>\n<meta property=\"og:locale\" content=\"es_ES\" \/>\n<meta property=\"og:type\" content=\"article\" \/>\n<meta property=\"og:title\" content=\"Inauguraci\u00f3n de la oficina de Goiener e Izarkom en Iru\u00f1ea\" \/>\n<meta property=\"og:description\" content=\"El jueves 22 de enero a las 19:00 de la tarde habr\u00e1 un acto de inauguraci\u00f3n conjunto, comida-bebida y una oferta cultural a cargo de las bertsolaris Mintxo Astitz y Ainara Yeregi y DJ Moreira\" \/>\n<meta property=\"og:url\" content=\"https:\/\/www.izarkom.eus\/ekitaldiak\/iruneko-bulegoaren-inaugurazioa\/\" \/>\n<meta property=\"og:site_name\" content=\"izarkom\" \/>\n<meta property=\"article:modified_time\" content=\"2026-01-15T08:35:50+00:00\" \/>\n<meta property=\"og:image\" content=\"https:\/\/www.izarkom.eus\/wp-content\/uploads\/2026\/01\/goiener-izarkom-irunea-1024x650.jpg\" \/>\n<meta name=\"twitter:card\" content=\"summary_large_image\" \/>\n<meta name=\"twitter:label1\" content=\"Tiempo de lectura\" \/>\n\t<meta name=\"twitter:data1\" content=\"2 minutos\" \/>\n<script type=\"application\/ld+json\" class=\"yoast-schema-graph\">{\"@context\":\"https:\\\/\\\/schema.org\",\"@graph\":[{\"@type\":\"WebPage\",\"@id\":\"https:\\\/\\\/www.izarkom.eus\\\/ekitaldiak\\\/iruneko-bulegoaren-inaugurazioa\\\/\",\"url\":\"https:\\\/\\\/www.izarkom.eus\\\/ekitaldiak\\\/iruneko-bulegoaren-inaugurazioa\\\/\",\"name\":\"Inauguraci\u00f3n de la oficina de Iru\u00f1ea - izarkom\",\"isPartOf\":{\"@id\":\"https:\\\/\\\/www.izarkom.eus\\\/#website\"},\"primaryImageOfPage\":{\"@id\":\"https:\\\/\\\/www.izarkom.eus\\\/ekitaldiak\\\/iruneko-bulegoaren-inaugurazioa\\\/#primaryimage\"},\"image\":{\"@id\":\"https:\\\/\\\/www.izarkom.eus\\\/ekitaldiak\\\/iruneko-bulegoaren-inaugurazioa\\\/#primaryimage\"},\"thumbnailUrl\":\"https:\\\/\\\/www.izarkom.eus\\\/wp-content\\\/uploads\\\/2026\\\/01\\\/goiener-izarkom-irunea.jpg\",\"datePublished\":\"2026-01-15T08:31:49+00:00\",\"dateModified\":\"2026-01-15T08:35:50+00:00\",\"description\":\"El jueves 22 de enero a las 19:00 de la tarde habr\u00e1 un acto de inauguraci\u00f3n conjunto, comida-bebida y una oferta cultural a cargo de las bertsolaris Mintxo Astitz y Ainara Yeregi y DJ Moreira\",\"breadcrumb\":{\"@id\":\"https:\\\/\\\/www.izarkom.eus\\\/ekitaldiak\\\/iruneko-bulegoaren-inaugurazioa\\\/#breadcrumb\"},\"inLanguage\":\"es\",\"potentialAction\":[{\"@type\":\"ReadAction\",\"target\":[\"https:\\\/\\\/www.izarkom.eus\\\/ekitaldiak\\\/iruneko-bulegoaren-inaugurazioa\\\/\"]}]},{\"@type\":\"ImageObject\",\"inLanguage\":\"es\",\"@id\":\"https:\\\/\\\/www.izarkom.eus\\\/ekitaldiak\\\/iruneko-bulegoaren-inaugurazioa\\\/#primaryimage\",\"url\":\"https:\\\/\\\/www.izarkom.eus\\\/wp-content\\\/uploads\\\/2026\\\/01\\\/goiener-izarkom-irunea.jpg\",\"contentUrl\":\"https:\\\/\\\/www.izarkom.eus\\\/wp-content\\\/uploads\\\/2026\\\/01\\\/goiener-izarkom-irunea.jpg\",\"width\":1280,\"height\":812},{\"@type\":\"BreadcrumbList\",\"@id\":\"https:\\\/\\\/www.izarkom.eus\\\/ekitaldiak\\\/iruneko-bulegoaren-inaugurazioa\\\/#breadcrumb\",\"itemListElement\":[{\"@type\":\"ListItem\",\"position\":1,\"name\":\"Home\",\"item\":\"https:\\\/\\\/www.izarkom.eus\\\/\"},{\"@type\":\"ListItem\",\"position\":2,\"name\":\"Ekitaldiak\",\"item\":\"https:\\\/\\\/www.izarkom.eus\\\/events\\\/\"},{\"@type\":\"ListItem\",\"position\":3,\"name\":\"Inauguraci\u00f3n de la oficina de Iru\u00f1ea\"}]},{\"@type\":\"WebSite\",\"@id\":\"https:\\\/\\\/www.izarkom.eus\\\/#website\",\"url\":\"https:\\\/\\\/www.izarkom.eus\\\/\",\"name\":\"izarkom\",\"description\":\"Izarkom, Euskal Herriko telekomunikazio kooperatiba\",\"potentialAction\":[{\"@type\":\"SearchAction\",\"target\":{\"@type\":\"EntryPoint\",\"urlTemplate\":\"https:\\\/\\\/www.izarkom.eus\\\/?s={search_term_string}\"},\"query-input\":{\"@type\":\"PropertyValueSpecification\",\"valueRequired\":true,\"valueName\":\"search_term_string\"}}],\"inLanguage\":\"es\"}]}<\/script>\n<!-- \/ Yoast SEO plugin. -->","yoast_head_json":{"title":"Inauguraci\u00f3n de la oficina de Iru\u00f1ea - izarkom","description":"El jueves 22 de enero a las 19:00 de la tarde habr\u00e1 un acto de inauguraci\u00f3n conjunto, comida-bebida y una oferta cultural a cargo de las bertsolaris Mintxo Astitz y Ainara Yeregi y DJ Moreira","robots":{"index":"index","follow":"follow","max-snippet":"max-snippet:-1","max-image-preview":"max-image-preview:large","max-video-preview":"max-video-preview:-1"},"canonical":"https:\/\/www.izarkom.eus\/ekitaldiak\/iruneko-bulegoaren-inaugurazioa\/","og_locale":"es_ES","og_type":"article","og_title":"Inauguraci\u00f3n de la oficina de Goiener e Izarkom en Iru\u00f1ea","og_description":"El jueves 22 de enero a las 19:00 de la tarde habr\u00e1 un acto de inauguraci\u00f3n conjunto, comida-bebida y una oferta cultural a cargo de las bertsolaris Mintxo Astitz y Ainara Yeregi y DJ Moreira","og_url":"https:\/\/www.izarkom.eus\/ekitaldiak\/iruneko-bulegoaren-inaugurazioa\/","og_site_name":"izarkom","article_modified_time":"2026-01-15T08:35:50+00:00","og_image":[{"url":"https:\/\/www.izarkom.eus\/wp-content\/uploads\/2026\/01\/goiener-izarkom-irunea-1024x650.jpg","type":"","width":"","height":""}],"twitter_card":"summary_large_image","twitter_misc":{"Tiempo de lectura":"2 minutos"},"schema":{"@context":"https:\/\/schema.org","@graph":[{"@type":"WebPage","@id":"https:\/\/www.izarkom.eus\/ekitaldiak\/iruneko-bulegoaren-inaugurazioa\/","url":"https:\/\/www.izarkom.eus\/ekitaldiak\/iruneko-bulegoaren-inaugurazioa\/","name":"Inauguraci\u00f3n de la oficina de Iru\u00f1ea - izarkom","isPartOf":{"@id":"https:\/\/www.izarkom.eus\/#website"},"primaryImageOfPage":{"@id":"https:\/\/www.izarkom.eus\/ekitaldiak\/iruneko-bulegoaren-inaugurazioa\/#primaryimage"},"image":{"@id":"https:\/\/www.izarkom.eus\/ekitaldiak\/iruneko-bulegoaren-inaugurazioa\/#primaryimage"},"thumbnailUrl":"https:\/\/www.izarkom.eus\/wp-content\/uploads\/2026\/01\/goiener-izarkom-irunea.jpg","datePublished":"2026-01-15T08:31:49+00:00","dateModified":"2026-01-15T08:35:50+00:00","description":"El jueves 22 de enero a las 19:00 de la tarde habr\u00e1 un acto de inauguraci\u00f3n conjunto, comida-bebida y una oferta cultural a cargo de las bertsolaris Mintxo Astitz y Ainara Yeregi y DJ Moreira","breadcrumb":{"@id":"https:\/\/www.izarkom.eus\/ekitaldiak\/iruneko-bulegoaren-inaugurazioa\/#breadcrumb"},"inLanguage":"es","potentialAction":[{"@type":"ReadAction","target":["https:\/\/www.izarkom.eus\/ekitaldiak\/iruneko-bulegoaren-inaugurazioa\/"]}]},{"@type":"ImageObject","inLanguage":"es","@id":"https:\/\/www.izarkom.eus\/ekitaldiak\/iruneko-bulegoaren-inaugurazioa\/#primaryimage","url":"https:\/\/www.izarkom.eus\/wp-content\/uploads\/2026\/01\/goiener-izarkom-irunea.jpg","contentUrl":"https:\/\/www.izarkom.eus\/wp-content\/uploads\/2026\/01\/goiener-izarkom-irunea.jpg","width":1280,"height":812},{"@type":"BreadcrumbList","@id":"https:\/\/www.izarkom.eus\/ekitaldiak\/iruneko-bulegoaren-inaugurazioa\/#breadcrumb","itemListElement":[{"@type":"ListItem","position":1,"name":"Home","item":"https:\/\/www.izarkom.eus\/"},{"@type":"ListItem","position":2,"name":"Ekitaldiak","item":"https:\/\/www.izarkom.eus\/events\/"},{"@type":"ListItem","position":3,"name":"Inauguraci\u00f3n de la oficina de Iru\u00f1ea"}]},{"@type":"WebSite","@id":"https:\/\/www.izarkom.eus\/#website","url":"https:\/\/www.izarkom.eus\/","name":"izarkom","description":"Izarkom, Euskal Herriko telekomunikazio kooperatiba","potentialAction":[{"@type":"SearchAction","target":{"@type":"EntryPoint","urlTemplate":"https:\/\/www.izarkom.eus\/?s={search_term_string}"},"query-input":{"@type":"PropertyValueSpecification","valueRequired":true,"valueName":"search_term_string"}}],"inLanguage":"es"}]}},"_links":{"self":[{"href":"https:\/\/www.izarkom.eus\/es\/wp-json\/wp\/v2\/tribe_events\/26836","targetHints":{"allow":["GET"]}}],"collection":[{"href":"https:\/\/www.izarkom.eus\/es\/wp-json\/wp\/v2\/tribe_events"}],"about":[{"href":"https:\/\/www.izarkom.eus\/es\/wp-json\/wp\/v2\/types\/tribe_events"}],"author":[{"embeddable":true,"href":"https:\/\/www.izarkom.eus\/es\/wp-json\/wp\/v2\/users\/10"}],"version-history":[{"count":5,"href":"https:\/\/www.izarkom.eus\/es\/wp-json\/wp\/v2\/tribe_events\/26836\/revisions"}],"predecessor-version":[{"id":26847,"href":"https:\/\/www.izarkom.eus\/es\/wp-json\/wp\/v2\/tribe_events\/26836\/revisions\/26847"}],"wp:featuredmedia":[{"embeddable":true,"href":"https:\/\/www.izarkom.eus\/es\/wp-json\/wp\/v2\/media\/26794"}],"wp:attachment":[{"href":"https:\/\/www.izarkom.eus\/es\/wp-json\/wp\/v2\/media?parent=26836"}],"wp:term":[{"taxonomy":"post_tag","embeddable":true,"href":"https:\/\/www.izarkom.eus\/es\/wp-json\/wp\/v2\/tags?post=26836"},{"taxonomy":"tribe_events_cat","embeddable":true,"href":"https:\/\/www.izarkom.eus\/es\/wp-json\/wp\/v2\/tribe_events_cat?post=26836"}],"curies":[{"name":"wp","href":"https:\/\/api.w.org\/{rel}","templated":true}]}}