{"id":24783,"date":"2025-09-11T17:54:08","date_gmt":"2025-09-11T15:54:08","guid":{"rendered":"https:\/\/www.izarkom.eus\/ekitaldiak\/luces-y-sombras-de-la-inteligencia-artificial\/"},"modified":"2025-09-15T11:48:55","modified_gmt":"2025-09-15T09:48:55","slug":"luces-y-sombras-de-la-inteligencia-artificial","status":"publish","type":"tribe_events","link":"https:\/\/www.izarkom.eus\/es\/ekitaldiak\/luces-y-sombras-de-la-inteligencia-artificial\/","title":{"rendered":"Luces y sombras de la inteligencia artificial."},"content":{"rendered":"<p>[et_pb_section fb_built=\u00bb1&#8243; _builder_version=\u00bb4.16&#8243; da_disable_devices=\u00bboff|off|off\u00bb global_colors_info=\u00bb{}\u00bb da_is_popup=\u00bboff\u00bb da_exit_intent=\u00bboff\u00bb da_has_close=\u00bbon\u00bb da_alt_close=\u00bboff\u00bb da_dark_close=\u00bboff\u00bb da_not_modal=\u00bbon\u00bb da_is_singular=\u00bboff\u00bb da_with_loader=\u00bboff\u00bb da_has_shadow=\u00bbon\u00bb][et_pb_row _builder_version=\u00bb4.16&#8243; background_size=\u00bbinitial\u00bb background_position=\u00bbtop_left\u00bb background_repeat=\u00bbrepeat\u00bb global_colors_info=\u00bb{}\u00bb][et_pb_column type=\u00bb4_4&#8243; _builder_version=\u00bb4.16&#8243; custom_padding=\u00bb|||\u00bb global_colors_info=\u00bb{}\u00bb custom_padding__hover=\u00bb|||\u00bb][et_pb_text _builder_version=\u00bb4.25.1&#8243; text_font=\u00bb|300|||||||\u00bb background_size=\u00bbinitial\u00bb background_position=\u00bbtop_left\u00bb background_repeat=\u00bbrepeat\u00bb global_colors_info=\u00bb{}\u00bb]<\/p>\n<p style=\"font-size: 100%;\">Lo que conocemos como IA es la capacidad de los ordenadores o de las m\u00e1quinas para mostrar una inteligencia similar a la humana. Es sabido que este tema deja muchos hilos sueltos: su efecto multiplicador en la productividad, la falta de control sobre la tecnolog\u00eda, la brecha digital,&#8230; Trataremos estos temas y muchos m\u00e1s en esta micro tertulia.<\/p>\n<p>[\/et_pb_text][et_pb_text _builder_version=\u00bb4.25.1&#8243; text_font=\u00bb|300|||||||\u00bb background_size=\u00bbinitial\u00bb background_position=\u00bbtop_left\u00bb background_repeat=\u00bbrepeat\u00bb width=\u00bb90%\u00bb module_alignment=\u00bbcenter\u00bb hover_enabled=\u00bb0&#8243; global_colors_info=\u00bb{}\u00bb sticky_enabled=\u00bb0&#8243;]<\/p>\n<p style=\"font-size: 100%;\"><b>Ponete(s):<\/b> <strong>Usue Mori Carrascal:<\/strong> Licenciada en Matem\u00e1ticas (2010) y tesis en el grupo Intelligent Systems Group (ISG) de la Facultad de Inform\u00e1tica de la UPV\/EHU. Es profesora agregada de la Facultad de Inform\u00e1tica de la UPV y coordinadora y profesora del grado de Inteligencia Artificial. Realiza la investigaci\u00f3n b\u00e1sica en Inteligencia Artificial para conseguir patrones, tendencias y predicciones a trav\u00e9s del an\u00e1lisis de los datos recogidos a lo largo del tiempo.<\/p>\n<p style=\"font-size: 100%;\">En el \u00faltimo a\u00f1o ha creado la iniciativa multidisciplinar ONDARE, uniendo a profesionales e investigadoras de diferentes \u00e1mbitos. Objetivos principales: Reflexionar sobre el futuro mundo digital e inteligencia artificial, el desarrollo<\/p>\n<p>[\/et_pb_text][et_pb_button button_url=\u00bbhttps:\/\/www.izarkom.eus\/es\/eskola-izen-ematea_es\/\u00bb button_text=\u00bbInscribete\u00bb button_alignment=\u00bbcenter\u00bb module_class=\u00bbIzenEmatea_bt\u00bb _builder_version=\u00bb4.25.1&#8243; _module_preset=\u00bbdefault\u00bb custom_button=\u00bbon\u00bb button_text_size=\u00bb17px\u00bb button_text_color=\u00bb#FFFFFF\u00bb button_bg_color=\u00bb#BA0533&#8243; button_icon=\u00bb&#x6c;||divi||400&#8243; custom_margin=\u00bb61px||||false|false\u00bb global_colors_info=\u00bb{}\u00bb][\/et_pb_button][et_pb_text _builder_version=\u00bb4.25.1&#8243; _module_preset=\u00bbdefault\u00bb text_font=\u00bb|300|||||||\u00bb background_size=\u00bbinitial\u00bb background_position=\u00bbtop_left\u00bb background_repeat=\u00bbrepeat\u00bb global_colors_info=\u00bb{}\u00bb]<\/p>\n<p style=\"font-size: 100%;\">Te agradecer\u00edamos que te apuntaras con el objetivo de facilitar la log\u00edstica especial de la escuela. <strong>Es gratuita y opcional.<\/strong><\/p>\n<p style=\"font-size: 100%;\">De esta forma, los d\u00edas previos a la sesi\u00f3n te enviar\u00edamos un recordatorio v\u00eda email. Dado que las sesiones tienen un aforo limitado, si se superara el aforo <strong>se dar\u00e1 prioridad a las inscritas<\/b>.<\/p>\n<p style=\"font-size: 100%;\">* Todas las sesiones ser\u00e1n en euskera.<\/p>\n<p>[\/et_pb_text][et_pb_button button_url=\u00bbhttps:\/\/www.izarkom.eus\/es\/izarkom-eskola\/\u00bb button_text=\u00bbVolver a la pagina de Eskola\u00bb button_alignment=\u00bbcenter\u00bb module_class=\u00bbIzenEmatea_bt\u00bb _builder_version=\u00bb4.25.1&#8243; _module_preset=\u00bbdefault\u00bb custom_button=\u00bbon\u00bb button_text_size=\u00bb17px\u00bb button_text_color=\u00bb#FFFFFF\u00bb button_bg_color=\u00bb#BA0533&#8243; button_use_icon=\u00bboff\u00bb custom_margin=\u00bb||||false|false\u00bb global_colors_info=\u00bb{}\u00bb][\/et_pb_button][\/et_pb_column][\/et_pb_row][\/et_pb_section]<\/p>\n","protected":false},"excerpt":{"rendered":"<p>Lo que conocemos como IA es la capacidad de los ordenadores o de las m\u00e1quinas para mostrar una inteligencia similar a la humana. Es sabido que este tema deja muchos [&hellip;]<\/p>\n","protected":false},"author":5,"featured_media":24132,"template":"","meta":{"_et_pb_use_builder":"on","_et_pb_old_content":"","_et_gb_content_width":"","_tribe_events_status":"","_tribe_events_status_reason":"","footnotes":""},"tags":[223,64],"tribe_events_cat":[230],"class_list":["post-24783","tribe_events","type-tribe_events","status-publish","has-post-thumbnail","hentry","tag-alternatiba-es","tag-internet-es","tribe_events_cat-izarkom-eskola","cat_izarkom-eskola"],"yoast_head":"<!-- This site is optimized with the Yoast SEO plugin v27.5 - https:\/\/yoast.com\/product\/yoast-seo-wordpress\/ -->\n<title>Luces y sombras de la inteligencia artificial. - izarkom<\/title>\n<meta name=\"description\" content=\"La profesora agregada de la Facultad de Inform\u00e1tica de la UPV y coordinadora y profesora del grado de Inteligencia Artificial Usue Mori nos hablar\u00e1 sobre las luces y sombras de la inteligencia artificial.\" \/>\n<meta name=\"robots\" content=\"index, follow, max-snippet:-1, max-image-preview:large, max-video-preview:-1\" \/>\n<link rel=\"canonical\" href=\"https:\/\/www.izarkom.eus\/es\/ekitaldiak\/luces-y-sombras-de-la-inteligencia-artificial\/\" \/>\n<meta property=\"og:locale\" content=\"es_ES\" \/>\n<meta property=\"og:type\" content=\"article\" \/>\n<meta property=\"og:title\" content=\"Luces y sombras de la inteligencia artificial. - izarkom\" \/>\n<meta property=\"og:description\" content=\"La profesora agregada de la Facultad de Inform\u00e1tica de la UPV y coordinadora y profesora del grado de Inteligencia Artificial Usue Mori nos hablar\u00e1 sobre las luces y sombras de la inteligencia artificial.\" \/>\n<meta property=\"og:url\" content=\"https:\/\/www.izarkom.eus\/es\/ekitaldiak\/luces-y-sombras-de-la-inteligencia-artificial\/\" \/>\n<meta property=\"og:site_name\" content=\"izarkom\" \/>\n<meta property=\"article:modified_time\" content=\"2025-09-15T09:48:55+00:00\" \/>\n<meta property=\"og:image\" content=\"https:\/\/www.izarkom.eus\/wp-content\/uploads\/2025\/08\/ESKOLA-BIDEOA-USUE-MORI.gif\" \/>\n\t<meta property=\"og:image:width\" content=\"500\" \/>\n\t<meta property=\"og:image:height\" content=\"500\" \/>\n\t<meta property=\"og:image:type\" content=\"image\/gif\" \/>\n<meta name=\"twitter:card\" content=\"summary_large_image\" \/>\n<meta name=\"twitter:label1\" content=\"Tiempo de lectura\" \/>\n\t<meta name=\"twitter:data1\" content=\"3 minutos\" \/>\n<script type=\"application\/ld+json\" class=\"yoast-schema-graph\">{\"@context\":\"https:\\\/\\\/schema.org\",\"@graph\":[{\"@type\":\"WebPage\",\"@id\":\"https:\\\/\\\/www.izarkom.eus\\\/es\\\/ekitaldiak\\\/luces-y-sombras-de-la-inteligencia-artificial\\\/\",\"url\":\"https:\\\/\\\/www.izarkom.eus\\\/es\\\/ekitaldiak\\\/luces-y-sombras-de-la-inteligencia-artificial\\\/\",\"name\":\"Luces y sombras de la inteligencia artificial. - izarkom\",\"isPartOf\":{\"@id\":\"https:\\\/\\\/www.izarkom.eus\\\/#website\"},\"primaryImageOfPage\":{\"@id\":\"https:\\\/\\\/www.izarkom.eus\\\/es\\\/ekitaldiak\\\/luces-y-sombras-de-la-inteligencia-artificial\\\/#primaryimage\"},\"image\":{\"@id\":\"https:\\\/\\\/www.izarkom.eus\\\/es\\\/ekitaldiak\\\/luces-y-sombras-de-la-inteligencia-artificial\\\/#primaryimage\"},\"thumbnailUrl\":\"https:\\\/\\\/www.izarkom.eus\\\/wp-content\\\/uploads\\\/2025\\\/08\\\/ESKOLA-BIDEOA-USUE-MORI.gif\",\"datePublished\":\"2025-09-11T15:54:08+00:00\",\"dateModified\":\"2025-09-15T09:48:55+00:00\",\"description\":\"La profesora agregada de la Facultad de Inform\u00e1tica de la UPV y coordinadora y profesora del grado de Inteligencia Artificial Usue Mori nos hablar\u00e1 sobre las luces y sombras de la inteligencia artificial.\",\"breadcrumb\":{\"@id\":\"https:\\\/\\\/www.izarkom.eus\\\/es\\\/ekitaldiak\\\/luces-y-sombras-de-la-inteligencia-artificial\\\/#breadcrumb\"},\"inLanguage\":\"es\",\"potentialAction\":[{\"@type\":\"ReadAction\",\"target\":[\"https:\\\/\\\/www.izarkom.eus\\\/es\\\/ekitaldiak\\\/luces-y-sombras-de-la-inteligencia-artificial\\\/\"]}]},{\"@type\":\"ImageObject\",\"inLanguage\":\"es\",\"@id\":\"https:\\\/\\\/www.izarkom.eus\\\/es\\\/ekitaldiak\\\/luces-y-sombras-de-la-inteligencia-artificial\\\/#primaryimage\",\"url\":\"https:\\\/\\\/www.izarkom.eus\\\/wp-content\\\/uploads\\\/2025\\\/08\\\/ESKOLA-BIDEOA-USUE-MORI.gif\",\"contentUrl\":\"https:\\\/\\\/www.izarkom.eus\\\/wp-content\\\/uploads\\\/2025\\\/08\\\/ESKOLA-BIDEOA-USUE-MORI.gif\",\"width\":500,\"height\":500},{\"@type\":\"BreadcrumbList\",\"@id\":\"https:\\\/\\\/www.izarkom.eus\\\/es\\\/ekitaldiak\\\/luces-y-sombras-de-la-inteligencia-artificial\\\/#breadcrumb\",\"itemListElement\":[{\"@type\":\"ListItem\",\"position\":1,\"name\":\"Home\",\"item\":\"https:\\\/\\\/www.izarkom.eus\\\/\"},{\"@type\":\"ListItem\",\"position\":2,\"name\":\"Ekitaldiak\",\"item\":\"https:\\\/\\\/www.izarkom.eus\\\/events\\\/\"},{\"@type\":\"ListItem\",\"position\":3,\"name\":\"Luces y sombras de la inteligencia artificial.\"}]},{\"@type\":\"WebSite\",\"@id\":\"https:\\\/\\\/www.izarkom.eus\\\/#website\",\"url\":\"https:\\\/\\\/www.izarkom.eus\\\/\",\"name\":\"izarkom\",\"description\":\"Izarkom, Euskal Herriko telekomunikazio kooperatiba\",\"potentialAction\":[{\"@type\":\"SearchAction\",\"target\":{\"@type\":\"EntryPoint\",\"urlTemplate\":\"https:\\\/\\\/www.izarkom.eus\\\/?s={search_term_string}\"},\"query-input\":{\"@type\":\"PropertyValueSpecification\",\"valueRequired\":true,\"valueName\":\"search_term_string\"}}],\"inLanguage\":\"es\"}]}<\/script>\n<!-- \/ Yoast SEO plugin. -->","yoast_head_json":{"title":"Luces y sombras de la inteligencia artificial. - izarkom","description":"La profesora agregada de la Facultad de Inform\u00e1tica de la UPV y coordinadora y profesora del grado de Inteligencia Artificial Usue Mori nos hablar\u00e1 sobre las luces y sombras de la inteligencia artificial.","robots":{"index":"index","follow":"follow","max-snippet":"max-snippet:-1","max-image-preview":"max-image-preview:large","max-video-preview":"max-video-preview:-1"},"canonical":"https:\/\/www.izarkom.eus\/es\/ekitaldiak\/luces-y-sombras-de-la-inteligencia-artificial\/","og_locale":"es_ES","og_type":"article","og_title":"Luces y sombras de la inteligencia artificial. - izarkom","og_description":"La profesora agregada de la Facultad de Inform\u00e1tica de la UPV y coordinadora y profesora del grado de Inteligencia Artificial Usue Mori nos hablar\u00e1 sobre las luces y sombras de la inteligencia artificial.","og_url":"https:\/\/www.izarkom.eus\/es\/ekitaldiak\/luces-y-sombras-de-la-inteligencia-artificial\/","og_site_name":"izarkom","article_modified_time":"2025-09-15T09:48:55+00:00","og_image":[{"width":500,"height":500,"url":"https:\/\/www.izarkom.eus\/wp-content\/uploads\/2025\/08\/ESKOLA-BIDEOA-USUE-MORI.gif","type":"image\/gif"}],"twitter_card":"summary_large_image","twitter_misc":{"Tiempo de lectura":"3 minutos"},"schema":{"@context":"https:\/\/schema.org","@graph":[{"@type":"WebPage","@id":"https:\/\/www.izarkom.eus\/es\/ekitaldiak\/luces-y-sombras-de-la-inteligencia-artificial\/","url":"https:\/\/www.izarkom.eus\/es\/ekitaldiak\/luces-y-sombras-de-la-inteligencia-artificial\/","name":"Luces y sombras de la inteligencia artificial. - izarkom","isPartOf":{"@id":"https:\/\/www.izarkom.eus\/#website"},"primaryImageOfPage":{"@id":"https:\/\/www.izarkom.eus\/es\/ekitaldiak\/luces-y-sombras-de-la-inteligencia-artificial\/#primaryimage"},"image":{"@id":"https:\/\/www.izarkom.eus\/es\/ekitaldiak\/luces-y-sombras-de-la-inteligencia-artificial\/#primaryimage"},"thumbnailUrl":"https:\/\/www.izarkom.eus\/wp-content\/uploads\/2025\/08\/ESKOLA-BIDEOA-USUE-MORI.gif","datePublished":"2025-09-11T15:54:08+00:00","dateModified":"2025-09-15T09:48:55+00:00","description":"La profesora agregada de la Facultad de Inform\u00e1tica de la UPV y coordinadora y profesora del grado de Inteligencia Artificial Usue Mori nos hablar\u00e1 sobre las luces y sombras de la inteligencia artificial.","breadcrumb":{"@id":"https:\/\/www.izarkom.eus\/es\/ekitaldiak\/luces-y-sombras-de-la-inteligencia-artificial\/#breadcrumb"},"inLanguage":"es","potentialAction":[{"@type":"ReadAction","target":["https:\/\/www.izarkom.eus\/es\/ekitaldiak\/luces-y-sombras-de-la-inteligencia-artificial\/"]}]},{"@type":"ImageObject","inLanguage":"es","@id":"https:\/\/www.izarkom.eus\/es\/ekitaldiak\/luces-y-sombras-de-la-inteligencia-artificial\/#primaryimage","url":"https:\/\/www.izarkom.eus\/wp-content\/uploads\/2025\/08\/ESKOLA-BIDEOA-USUE-MORI.gif","contentUrl":"https:\/\/www.izarkom.eus\/wp-content\/uploads\/2025\/08\/ESKOLA-BIDEOA-USUE-MORI.gif","width":500,"height":500},{"@type":"BreadcrumbList","@id":"https:\/\/www.izarkom.eus\/es\/ekitaldiak\/luces-y-sombras-de-la-inteligencia-artificial\/#breadcrumb","itemListElement":[{"@type":"ListItem","position":1,"name":"Home","item":"https:\/\/www.izarkom.eus\/"},{"@type":"ListItem","position":2,"name":"Ekitaldiak","item":"https:\/\/www.izarkom.eus\/events\/"},{"@type":"ListItem","position":3,"name":"Luces y sombras de la inteligencia artificial."}]},{"@type":"WebSite","@id":"https:\/\/www.izarkom.eus\/#website","url":"https:\/\/www.izarkom.eus\/","name":"izarkom","description":"Izarkom, Euskal Herriko telekomunikazio kooperatiba","potentialAction":[{"@type":"SearchAction","target":{"@type":"EntryPoint","urlTemplate":"https:\/\/www.izarkom.eus\/?s={search_term_string}"},"query-input":{"@type":"PropertyValueSpecification","valueRequired":true,"valueName":"search_term_string"}}],"inLanguage":"es"}]}},"_links":{"self":[{"href":"https:\/\/www.izarkom.eus\/es\/wp-json\/wp\/v2\/tribe_events\/24783","targetHints":{"allow":["GET"]}}],"collection":[{"href":"https:\/\/www.izarkom.eus\/es\/wp-json\/wp\/v2\/tribe_events"}],"about":[{"href":"https:\/\/www.izarkom.eus\/es\/wp-json\/wp\/v2\/types\/tribe_events"}],"author":[{"embeddable":true,"href":"https:\/\/www.izarkom.eus\/es\/wp-json\/wp\/v2\/users\/5"}],"version-history":[{"count":5,"href":"https:\/\/www.izarkom.eus\/es\/wp-json\/wp\/v2\/tribe_events\/24783\/revisions"}],"predecessor-version":[{"id":24951,"href":"https:\/\/www.izarkom.eus\/es\/wp-json\/wp\/v2\/tribe_events\/24783\/revisions\/24951"}],"wp:featuredmedia":[{"embeddable":true,"href":"https:\/\/www.izarkom.eus\/es\/wp-json\/wp\/v2\/media\/24132"}],"wp:attachment":[{"href":"https:\/\/www.izarkom.eus\/es\/wp-json\/wp\/v2\/media?parent=24783"}],"wp:term":[{"taxonomy":"post_tag","embeddable":true,"href":"https:\/\/www.izarkom.eus\/es\/wp-json\/wp\/v2\/tags?post=24783"},{"taxonomy":"tribe_events_cat","embeddable":true,"href":"https:\/\/www.izarkom.eus\/es\/wp-json\/wp\/v2\/tribe_events_cat?post=24783"}],"curies":[{"name":"wp","href":"https:\/\/api.w.org\/{rel}","templated":true}]}}