{"id":22052,"date":"2025-03-31T12:25:01","date_gmt":"2025-03-31T10:25:01","guid":{"rendered":"https:\/\/www.izarkom.eus\/ekitaldiak\/gazteon-eskutik\/"},"modified":"2025-03-31T12:25:01","modified_gmt":"2025-03-31T10:25:01","slug":"gazteon-eskutik","status":"publish","type":"tribe_events","link":"https:\/\/www.izarkom.eus\/es\/ekitaldiak\/gazteon-eskutik\/","title":{"rendered":"Gazteon Eskutik"},"content":{"rendered":"","protected":false},"excerpt":{"rendered":"","protected":false},"author":5,"featured_media":21791,"template":"","meta":{"_et_pb_use_builder":"","_et_pb_old_content":"","_et_gb_content_width":"","_tribe_events_status":"","_tribe_events_status_reason":"","footnotes":""},"tags":[],"tribe_events_cat":[208,196],"class_list":["post-22052","tribe_events","type-tribe_events","status-publish","has-post-thumbnail","hentry","tribe_events_cat-bestelakoak-es","tribe_events_cat-izarkom-lan-egutegia","cat_bestelakoak-es","cat_izarkom-lan-egutegia"],"yoast_head":"<!-- This site is optimized with the Yoast SEO plugin v27.5 - https:\/\/yoast.com\/product\/yoast-seo-wordpress\/ -->\n<title>Gazteon Eskutik - izarkom<\/title>\n<meta name=\"description\" content=\"Un a\u00f1o m\u00e1s Izarkom ha acordado un acuerdo de colaboraci\u00f3n con la organizaci\u00f3n ERNAI Gatze, con motivo del encuentro Gazteon Eskutik, que se celebrar\u00e1 del 17 al 20 de abril en Berriozar.\" \/>\n<meta name=\"robots\" content=\"index, follow, max-snippet:-1, max-image-preview:large, max-video-preview:-1\" \/>\n<link rel=\"canonical\" href=\"https:\/\/www.izarkom.eus\/ekitaldiak\/gazteon-eskutik\/\" \/>\n<meta property=\"og:locale\" content=\"es_ES\" \/>\n<meta property=\"og:type\" content=\"article\" \/>\n<meta property=\"og:title\" content=\"Gazteon Eskutik - izarkom\" \/>\n<meta property=\"og:description\" content=\"Un a\u00f1o m\u00e1s Izarkom ha acordado un acuerdo de colaboraci\u00f3n con la organizaci\u00f3n ERNAI Gatze, con motivo del encuentro Gazteon Eskutik, que se celebrar\u00e1 del 17 al 20 de abril en Berriozar.\" \/>\n<meta property=\"og:url\" content=\"https:\/\/www.izarkom.eus\/ekitaldiak\/gazteon-eskutik\/\" \/>\n<meta property=\"og:site_name\" content=\"izarkom\" \/>\n<meta property=\"og:image\" content=\"https:\/\/www.izarkom.eus\/wp-content\/uploads\/2025\/03\/GazteonEskutik.png\" \/>\n\t<meta property=\"og:image:width\" content=\"960\" \/>\n\t<meta property=\"og:image:height\" content=\"600\" \/>\n\t<meta property=\"og:image:type\" content=\"image\/png\" \/>\n<meta name=\"twitter:card\" content=\"summary_large_image\" \/>\n<script type=\"application\/ld+json\" class=\"yoast-schema-graph\">{\"@context\":\"https:\\\/\\\/schema.org\",\"@graph\":[{\"@type\":\"WebPage\",\"@id\":\"https:\\\/\\\/www.izarkom.eus\\\/ekitaldiak\\\/gazteon-eskutik\\\/\",\"url\":\"https:\\\/\\\/www.izarkom.eus\\\/ekitaldiak\\\/gazteon-eskutik\\\/\",\"name\":\"Gazteon Eskutik - izarkom\",\"isPartOf\":{\"@id\":\"https:\\\/\\\/www.izarkom.eus\\\/#website\"},\"primaryImageOfPage\":{\"@id\":\"https:\\\/\\\/www.izarkom.eus\\\/ekitaldiak\\\/gazteon-eskutik\\\/#primaryimage\"},\"image\":{\"@id\":\"https:\\\/\\\/www.izarkom.eus\\\/ekitaldiak\\\/gazteon-eskutik\\\/#primaryimage\"},\"thumbnailUrl\":\"https:\\\/\\\/www.izarkom.eus\\\/wp-content\\\/uploads\\\/2025\\\/03\\\/GazteonEskutik.png\",\"datePublished\":\"2025-03-31T10:25:01+00:00\",\"description\":\"Un a\u00f1o m\u00e1s Izarkom ha acordado un acuerdo de colaboraci\u00f3n con la organizaci\u00f3n ERNAI Gatze, con motivo del encuentro Gazteon Eskutik, que se celebrar\u00e1 del 17 al 20 de abril en Berriozar.\",\"breadcrumb\":{\"@id\":\"https:\\\/\\\/www.izarkom.eus\\\/ekitaldiak\\\/gazteon-eskutik\\\/#breadcrumb\"},\"inLanguage\":\"es\",\"potentialAction\":[{\"@type\":\"ReadAction\",\"target\":[\"https:\\\/\\\/www.izarkom.eus\\\/ekitaldiak\\\/gazteon-eskutik\\\/\"]}]},{\"@type\":\"ImageObject\",\"inLanguage\":\"es\",\"@id\":\"https:\\\/\\\/www.izarkom.eus\\\/ekitaldiak\\\/gazteon-eskutik\\\/#primaryimage\",\"url\":\"https:\\\/\\\/www.izarkom.eus\\\/wp-content\\\/uploads\\\/2025\\\/03\\\/GazteonEskutik.png\",\"contentUrl\":\"https:\\\/\\\/www.izarkom.eus\\\/wp-content\\\/uploads\\\/2025\\\/03\\\/GazteonEskutik.png\",\"width\":960,\"height\":600},{\"@type\":\"BreadcrumbList\",\"@id\":\"https:\\\/\\\/www.izarkom.eus\\\/ekitaldiak\\\/gazteon-eskutik\\\/#breadcrumb\",\"itemListElement\":[{\"@type\":\"ListItem\",\"position\":1,\"name\":\"Home\",\"item\":\"https:\\\/\\\/www.izarkom.eus\\\/\"},{\"@type\":\"ListItem\",\"position\":2,\"name\":\"Ekitaldiak\",\"item\":\"https:\\\/\\\/www.izarkom.eus\\\/events\\\/\"},{\"@type\":\"ListItem\",\"position\":3,\"name\":\"Gazteon Eskutik\"}]},{\"@type\":\"WebSite\",\"@id\":\"https:\\\/\\\/www.izarkom.eus\\\/#website\",\"url\":\"https:\\\/\\\/www.izarkom.eus\\\/\",\"name\":\"izarkom\",\"description\":\"Izarkom, Euskal Herriko telekomunikazio kooperatiba\",\"potentialAction\":[{\"@type\":\"SearchAction\",\"target\":{\"@type\":\"EntryPoint\",\"urlTemplate\":\"https:\\\/\\\/www.izarkom.eus\\\/?s={search_term_string}\"},\"query-input\":{\"@type\":\"PropertyValueSpecification\",\"valueRequired\":true,\"valueName\":\"search_term_string\"}}],\"inLanguage\":\"es\"}]}<\/script>\n<!-- \/ Yoast SEO plugin. -->","yoast_head_json":{"title":"Gazteon Eskutik - izarkom","description":"Un a\u00f1o m\u00e1s Izarkom ha acordado un acuerdo de colaboraci\u00f3n con la organizaci\u00f3n ERNAI Gatze, con motivo del encuentro Gazteon Eskutik, que se celebrar\u00e1 del 17 al 20 de abril en Berriozar.","robots":{"index":"index","follow":"follow","max-snippet":"max-snippet:-1","max-image-preview":"max-image-preview:large","max-video-preview":"max-video-preview:-1"},"canonical":"https:\/\/www.izarkom.eus\/ekitaldiak\/gazteon-eskutik\/","og_locale":"es_ES","og_type":"article","og_title":"Gazteon Eskutik - izarkom","og_description":"Un a\u00f1o m\u00e1s Izarkom ha acordado un acuerdo de colaboraci\u00f3n con la organizaci\u00f3n ERNAI Gatze, con motivo del encuentro Gazteon Eskutik, que se celebrar\u00e1 del 17 al 20 de abril en Berriozar.","og_url":"https:\/\/www.izarkom.eus\/ekitaldiak\/gazteon-eskutik\/","og_site_name":"izarkom","og_image":[{"width":960,"height":600,"url":"https:\/\/www.izarkom.eus\/wp-content\/uploads\/2025\/03\/GazteonEskutik.png","type":"image\/png"}],"twitter_card":"summary_large_image","schema":{"@context":"https:\/\/schema.org","@graph":[{"@type":"WebPage","@id":"https:\/\/www.izarkom.eus\/ekitaldiak\/gazteon-eskutik\/","url":"https:\/\/www.izarkom.eus\/ekitaldiak\/gazteon-eskutik\/","name":"Gazteon Eskutik - izarkom","isPartOf":{"@id":"https:\/\/www.izarkom.eus\/#website"},"primaryImageOfPage":{"@id":"https:\/\/www.izarkom.eus\/ekitaldiak\/gazteon-eskutik\/#primaryimage"},"image":{"@id":"https:\/\/www.izarkom.eus\/ekitaldiak\/gazteon-eskutik\/#primaryimage"},"thumbnailUrl":"https:\/\/www.izarkom.eus\/wp-content\/uploads\/2025\/03\/GazteonEskutik.png","datePublished":"2025-03-31T10:25:01+00:00","description":"Un a\u00f1o m\u00e1s Izarkom ha acordado un acuerdo de colaboraci\u00f3n con la organizaci\u00f3n ERNAI Gatze, con motivo del encuentro Gazteon Eskutik, que se celebrar\u00e1 del 17 al 20 de abril en Berriozar.","breadcrumb":{"@id":"https:\/\/www.izarkom.eus\/ekitaldiak\/gazteon-eskutik\/#breadcrumb"},"inLanguage":"es","potentialAction":[{"@type":"ReadAction","target":["https:\/\/www.izarkom.eus\/ekitaldiak\/gazteon-eskutik\/"]}]},{"@type":"ImageObject","inLanguage":"es","@id":"https:\/\/www.izarkom.eus\/ekitaldiak\/gazteon-eskutik\/#primaryimage","url":"https:\/\/www.izarkom.eus\/wp-content\/uploads\/2025\/03\/GazteonEskutik.png","contentUrl":"https:\/\/www.izarkom.eus\/wp-content\/uploads\/2025\/03\/GazteonEskutik.png","width":960,"height":600},{"@type":"BreadcrumbList","@id":"https:\/\/www.izarkom.eus\/ekitaldiak\/gazteon-eskutik\/#breadcrumb","itemListElement":[{"@type":"ListItem","position":1,"name":"Home","item":"https:\/\/www.izarkom.eus\/"},{"@type":"ListItem","position":2,"name":"Ekitaldiak","item":"https:\/\/www.izarkom.eus\/events\/"},{"@type":"ListItem","position":3,"name":"Gazteon Eskutik"}]},{"@type":"WebSite","@id":"https:\/\/www.izarkom.eus\/#website","url":"https:\/\/www.izarkom.eus\/","name":"izarkom","description":"Izarkom, Euskal Herriko telekomunikazio kooperatiba","potentialAction":[{"@type":"SearchAction","target":{"@type":"EntryPoint","urlTemplate":"https:\/\/www.izarkom.eus\/?s={search_term_string}"},"query-input":{"@type":"PropertyValueSpecification","valueRequired":true,"valueName":"search_term_string"}}],"inLanguage":"es"}]}},"_links":{"self":[{"href":"https:\/\/www.izarkom.eus\/es\/wp-json\/wp\/v2\/tribe_events\/22052","targetHints":{"allow":["GET"]}}],"collection":[{"href":"https:\/\/www.izarkom.eus\/es\/wp-json\/wp\/v2\/tribe_events"}],"about":[{"href":"https:\/\/www.izarkom.eus\/es\/wp-json\/wp\/v2\/types\/tribe_events"}],"author":[{"embeddable":true,"href":"https:\/\/www.izarkom.eus\/es\/wp-json\/wp\/v2\/users\/5"}],"version-history":[{"count":0,"href":"https:\/\/www.izarkom.eus\/es\/wp-json\/wp\/v2\/tribe_events\/22052\/revisions"}],"wp:featuredmedia":[{"embeddable":true,"href":"https:\/\/www.izarkom.eus\/es\/wp-json\/wp\/v2\/media\/21791"}],"wp:attachment":[{"href":"https:\/\/www.izarkom.eus\/es\/wp-json\/wp\/v2\/media?parent=22052"}],"wp:term":[{"taxonomy":"post_tag","embeddable":true,"href":"https:\/\/www.izarkom.eus\/es\/wp-json\/wp\/v2\/tags?post=22052"},{"taxonomy":"tribe_events_cat","embeddable":true,"href":"https:\/\/www.izarkom.eus\/es\/wp-json\/wp\/v2\/tribe_events_cat?post=22052"}],"curies":[{"name":"wp","href":"https:\/\/api.w.org\/{rel}","templated":true}]}}