{"id":11655,"date":"2022-04-28T12:20:37","date_gmt":"2022-04-28T10:20:37","guid":{"rendered":"https:\/\/www.izarkom.eus\/project\/kirruli-kultur-ekartea\/"},"modified":"2025-02-05T09:31:24","modified_gmt":"2025-02-05T08:31:24","slug":"kirruli-kultur-ekartea","status":"publish","type":"project","link":"https:\/\/www.izarkom.eus\/es\/project\/kirruli-kultur-ekartea\/","title":{"rendered":"KIRRULI KULTUR EKARTEA"},"content":{"rendered":"<p>[et_pb_section fb_built=\u00bb1&#8243; _builder_version=\u00bb4.16&#8243; _module_preset=\u00bbdefault\u00bb background_color=\u00bbRGBA(255,255,255,0)\u00bb max_height_tablet=\u00bb\u00bb max_height_phone=\u00bb\u00bb max_height_last_edited=\u00bbon|phone\u00bb custom_margin=\u00bb10px||||false|false\u00bb custom_margin_tablet=\u00bb117px||||false|false\u00bb custom_margin_phone=\u00bb80px||||false|false\u00bb custom_margin_last_edited=\u00bbon|phone\u00bb custom_padding=\u00bb0|0px|0|0px|false|false\u00bb da_disable_devices=\u00bboff|off|off\u00bb global_colors_info=\u00bb{}\u00bb da_is_popup=\u00bboff\u00bb da_exit_intent=\u00bboff\u00bb da_has_close=\u00bbon\u00bb da_alt_close=\u00bboff\u00bb da_dark_close=\u00bboff\u00bb da_not_modal=\u00bbon\u00bb da_is_singular=\u00bboff\u00bb da_with_loader=\u00bboff\u00bb da_has_shadow=\u00bbon\u00bb][et_pb_row _builder_version=\u00bb4.25.1&#8243; _module_preset=\u00bbdefault\u00bb background_enable_color=\u00bboff\u00bb width=\u00bb90%\u00bb custom_margin=\u00bb||0px||false|false\u00bb custom_padding=\u00bb||0px||false|false\u00bb hover_enabled=\u00bb0&#8243; global_colors_info=\u00bb{}\u00bb sticky_enabled=\u00bb0&#8243;][et_pb_column type=\u00bb4_4&#8243; _builder_version=\u00bb4.16&#8243; _module_preset=\u00bbdefault\u00bb global_colors_info=\u00bb{}\u00bb][et_pb_text _builder_version=\u00bb4.16&#8243; _module_preset=\u00bbdefault\u00bb text_text_color=\u00bb#d6d6d6&#8243; header_text_align=\u00bbcenter\u00bb header_text_color=\u00bb#016098&#8243; width=\u00bb64%\u00bb module_alignment=\u00bbcenter\u00bb global_colors_info=\u00bb{}\u00bb]<\/p>\n<h1>KIRRULI KULTUR ELKARTEA<\/h1>\n<p>[\/et_pb_text][\/et_pb_column][\/et_pb_row][et_pb_row disabled_on=\u00bboff|off|on\u00bb _builder_version=\u00bb4.25.1&#8243; _module_preset=\u00bbdefault\u00bb max_width=\u00bb1000px\u00bb module_alignment=\u00bbcenter\u00bb custom_margin=\u00bb-14px|auto||auto||\u00bb global_colors_info=\u00bb{}\u00bb custom_padding=\u00bb0px||0px|||\u00bb][et_pb_column type=\u00bb4_4&#8243; _builder_version=\u00bb4.25.1&#8243; _module_preset=\u00bbdefault\u00bb custom_padding=\u00bb20px|40px|20px|40px|true|true\u00bb border_color_all=\u00bbRGBA(255,255,255,0)\u00bb global_colors_info=\u00bb{}\u00bb][et_pb_text _builder_version=\u00bb4.16&#8243; _module_preset=\u00bbdefault\u00bb text_font=\u00bbPoppins|300|||||||\u00bb global_colors_info=\u00bb{}\u00bb]<\/p>\n<p style=\"text-align: justify;\">Herriko taberna de Indautxu, con una programaci\u00f3n pol\u00edtica y cultural mensual.<\/p>\n<p>[\/et_pb_text][et_pb_image src=\u00bbhttps:\/\/www.izarkom.eus\/wp-content\/uploads\/2022\/04\/Kirruli.jpg\u00bb title_text=\u00bblogoa\u00bb _builder_version=\u00bb4.25.1&#8243; _module_preset=\u00bbdefault\u00bb global_colors_info=\u00bb{}\u00bb][\/et_pb_image][\/et_pb_column][\/et_pb_row][et_pb_row column_structure=\u00bb2_5,3_5&#8243; _builder_version=\u00bb4.25.1&#8243; _module_preset=\u00bbdefault\u00bb max_width=\u00bb1000px\u00bb custom_margin=\u00bb-14px|auto||auto||\u00bb global_colors_info=\u00bb{}\u00bb][et_pb_column type=\u00bb2_5&#8243; _builder_version=\u00bb4.25.1&#8243; _module_preset=\u00bbdefault\u00bb custom_padding=\u00bb20px|40px|20px|40px|true|true\u00bb border_radii=\u00bbon|20px|20px|20px|20px\u00bb border_width_all=\u00bb1px\u00bb border_color_all=\u00bb#DBDBDB\u00bb box_shadow_style=\u00bbpreset3&#8243; global_colors_info=\u00bb{}\u00bb][et_pb_button button_url=\u00bbhttps:\/\/www.facebook.com\/Dantzaz\u00bb button_text=\u00bb(+34) 944 003 627&#8243; button_alignment=\u00bbright\u00bb _builder_version=\u00bb4.16&#8243; _module_preset=\u00bbdefault\u00bb custom_button=\u00bbon\u00bb button_border_width=\u00bb0px\u00bb button_border_color=\u00bb#DBDBDB\u00bb button_icon=\u00bb&#xf095;||fa||900&#8243; button_on_hover=\u00bboff\u00bb custom_margin=\u00bb||-3px|||\u00bb global_colors_info=\u00bb{}\u00bb][\/et_pb_button][et_pb_button button_url=\u00bbhttps:\/\/www.facebook.com\/kirruli.elkarte\/\u00bb button_text=\u00bbFacebook\u00bb button_alignment=\u00bbright\u00bb _builder_version=\u00bb4.16&#8243; _module_preset=\u00bbdefault\u00bb custom_button=\u00bbon\u00bb button_border_width=\u00bb0px\u00bb button_border_color=\u00bb#DBDBDB\u00bb button_icon=\u00bb&#xf09a;||fa||400&#8243; button_on_hover=\u00bboff\u00bb custom_margin=\u00bb||-3px|||\u00bb global_colors_info=\u00bb{}\u00bb][\/et_pb_button][et_pb_button button_url=\u00bbhttps:\/\/www.instagram.com\/kirruli_libre\/\u00bb button_text=\u00bbInstagram\u00bb button_alignment=\u00bbright\u00bb _builder_version=\u00bb4.16&#8243; _module_preset=\u00bbdefault\u00bb custom_button=\u00bbon\u00bb button_border_width=\u00bb0px\u00bb button_icon=\u00bb&#xe0b1;||divi||400&#8243; button_on_hover=\u00bboff\u00bb custom_margin=\u00bb||-3px|||\u00bb global_colors_info=\u00bb{}\u00bb][\/et_pb_button][et_pb_button button_url=\u00bbhttps:\/\/twitter.com\/Kirrulitaberna\u00bb button_text=\u00bbTwitter\u00bb button_alignment=\u00bbright\u00bb _builder_version=\u00bb4.16&#8243; _module_preset=\u00bbdefault\u00bb custom_button=\u00bbon\u00bb button_border_width=\u00bb0px\u00bb button_icon=\u00bb&#xe0ab;||divi||400&#8243; button_on_hover=\u00bboff\u00bb custom_margin=\u00bb||-3px|||\u00bb global_colors_info=\u00bb{}\u00bb][\/et_pb_button][et_pb_text _builder_version=\u00bb4.16&#8243; _module_preset=\u00bbdefault\u00bb text_text_color=\u00bb#000000&#8243; custom_padding=\u00bb15px|||||\u00bb global_colors_info=\u00bb{}\u00bb]<\/p>\n<h3 style=\"text-align: right;\">Direcci\u00f3n<\/h3>\n<p style=\"text-align: right;\"><span class=\"r01gCommonDataAsociacionContent r01gContactDataAsociacion\">Mar\u00eda Diaz de Haro<\/span><br \/>48013 Bilbo<\/p>\n<p>&nbsp;<\/p>\n<p>[\/et_pb_text][\/et_pb_column][et_pb_column type=\u00bb3_5&#8243; _builder_version=\u00bb4.16&#8243; _module_preset=\u00bbdefault\u00bb global_colors_info=\u00bb{}\u00bb][et_pb_image src=\u00bbhttps:\/\/www.izarkom.eus\/wp-content\/uploads\/2022\/04\/Kirruli.jpg\u00bb title_text=\u00bblogoa\u00bb disabled_on=\u00bbon|on|off\u00bb _builder_version=\u00bb4.25.1&#8243; _module_preset=\u00bbdefault\u00bb global_colors_info=\u00bb{}\u00bb][\/et_pb_image][et_pb_text disabled_on=\u00bbon|on|off\u00bb _builder_version=\u00bb4.25.1&#8243; _module_preset=\u00bbdefault\u00bb text_font=\u00bbPoppins|300|||||||\u00bb global_colors_info=\u00bb{}\u00bb]<\/p>\n<p style=\"text-align: justify;\">Herriko taberna de Indautxu, con una programaci\u00f3n pol\u00edtica y cultural mensual.<\/p>\n<p>[\/et_pb_text][\/et_pb_column][\/et_pb_row][\/et_pb_section]<\/p>\n","protected":false},"excerpt":{"rendered":"<p>KIRRULI KULTUR ELKARTEAHerriko taberna de Indautxu, con una programaci\u00f3n pol\u00edtica y cultural mensual.Direcci\u00f3n Mar\u00eda Diaz de Haro48013 Bilbo &nbsp;Herriko taberna de Indautxu, con una programaci\u00f3n pol\u00edtica y cultural mensual.<\/p>\n","protected":false},"author":5,"featured_media":11649,"comment_status":"open","ping_status":"closed","template":"","meta":{"_et_pb_use_builder":"on","_et_pb_old_content":"","_et_gb_content_width":"","footnotes":""},"project_category":[84],"project_tag":[],"class_list":["post-11655","project","type-project","status-publish","has-post-thumbnail","hentry","project_category-asociaciones"],"yoast_head":"<!-- This site is optimized with the Yoast SEO plugin v27.5 - https:\/\/yoast.com\/product\/yoast-seo-wordpress\/ -->\n<title>KIRRULI KULTUR EKARTEA - izarkom<\/title>\n<meta name=\"robots\" content=\"index, follow, max-snippet:-1, max-image-preview:large, max-video-preview:-1\" \/>\n<link rel=\"canonical\" href=\"https:\/\/www.izarkom.eus\/project\/kirruli-kultur-ekartea\/\" \/>\n<meta property=\"og:locale\" content=\"es_ES\" \/>\n<meta property=\"og:type\" content=\"article\" \/>\n<meta property=\"og:title\" content=\"KIRRULI KULTUR EKARTEA - izarkom\" \/>\n<meta property=\"og:description\" content=\"KIRRULI KULTUR ELKARTEAHerriko taberna de Indautxu, con una programaci\u00f3n pol\u00edtica y cultural mensual.Direcci\u00f3n Mar\u00eda Diaz de Haro48013 Bilbo &nbsp;Herriko taberna de Indautxu, con una programaci\u00f3n pol\u00edtica y cultural mensual.\" \/>\n<meta property=\"og:url\" content=\"https:\/\/www.izarkom.eus\/project\/kirruli-kultur-ekartea\/\" \/>\n<meta property=\"og:site_name\" content=\"izarkom\" \/>\n<meta property=\"article:modified_time\" content=\"2025-02-05T08:31:24+00:00\" \/>\n<meta property=\"og:image\" content=\"https:\/\/www.izarkom.eus\/wp-content\/uploads\/2022\/04\/Kirruli.jpg\" \/>\n\t<meta property=\"og:image:width\" content=\"300\" \/>\n\t<meta property=\"og:image:height\" content=\"200\" \/>\n\t<meta property=\"og:image:type\" content=\"image\/jpeg\" \/>\n<meta name=\"twitter:card\" content=\"summary_large_image\" \/>\n<meta name=\"twitter:label1\" content=\"Tiempo de lectura\" \/>\n\t<meta name=\"twitter:data1\" content=\"3 minutos\" \/>\n<script type=\"application\/ld+json\" class=\"yoast-schema-graph\">{\"@context\":\"https:\\\/\\\/schema.org\",\"@graph\":[{\"@type\":\"WebPage\",\"@id\":\"https:\\\/\\\/www.izarkom.eus\\\/project\\\/kirruli-kultur-ekartea\\\/\",\"url\":\"https:\\\/\\\/www.izarkom.eus\\\/project\\\/kirruli-kultur-ekartea\\\/\",\"name\":\"KIRRULI KULTUR EKARTEA - izarkom\",\"isPartOf\":{\"@id\":\"https:\\\/\\\/www.izarkom.eus\\\/#website\"},\"primaryImageOfPage\":{\"@id\":\"https:\\\/\\\/www.izarkom.eus\\\/project\\\/kirruli-kultur-ekartea\\\/#primaryimage\"},\"image\":{\"@id\":\"https:\\\/\\\/www.izarkom.eus\\\/project\\\/kirruli-kultur-ekartea\\\/#primaryimage\"},\"thumbnailUrl\":\"https:\\\/\\\/www.izarkom.eus\\\/wp-content\\\/uploads\\\/2022\\\/04\\\/Kirruli.jpg\",\"datePublished\":\"2022-04-28T10:20:37+00:00\",\"dateModified\":\"2025-02-05T08:31:24+00:00\",\"breadcrumb\":{\"@id\":\"https:\\\/\\\/www.izarkom.eus\\\/project\\\/kirruli-kultur-ekartea\\\/#breadcrumb\"},\"inLanguage\":\"es\",\"potentialAction\":[{\"@type\":\"ReadAction\",\"target\":[\"https:\\\/\\\/www.izarkom.eus\\\/project\\\/kirruli-kultur-ekartea\\\/\"]}]},{\"@type\":\"ImageObject\",\"inLanguage\":\"es\",\"@id\":\"https:\\\/\\\/www.izarkom.eus\\\/project\\\/kirruli-kultur-ekartea\\\/#primaryimage\",\"url\":\"https:\\\/\\\/www.izarkom.eus\\\/wp-content\\\/uploads\\\/2022\\\/04\\\/Kirruli.jpg\",\"contentUrl\":\"https:\\\/\\\/www.izarkom.eus\\\/wp-content\\\/uploads\\\/2022\\\/04\\\/Kirruli.jpg\",\"width\":300,\"height\":200},{\"@type\":\"BreadcrumbList\",\"@id\":\"https:\\\/\\\/www.izarkom.eus\\\/project\\\/kirruli-kultur-ekartea\\\/#breadcrumb\",\"itemListElement\":[{\"@type\":\"ListItem\",\"position\":1,\"name\":\"Home\",\"item\":\"https:\\\/\\\/www.izarkom.eus\\\/\"},{\"@type\":\"ListItem\",\"position\":2,\"name\":\"Projects\",\"item\":\"https:\\\/\\\/www.izarkom.eus\\\/project\\\/\"},{\"@type\":\"ListItem\",\"position\":3,\"name\":\"KIRRULI KULTUR EKARTEA\"}]},{\"@type\":\"WebSite\",\"@id\":\"https:\\\/\\\/www.izarkom.eus\\\/#website\",\"url\":\"https:\\\/\\\/www.izarkom.eus\\\/\",\"name\":\"izarkom\",\"description\":\"Izarkom, Euskal Herriko telekomunikazio kooperatiba\",\"potentialAction\":[{\"@type\":\"SearchAction\",\"target\":{\"@type\":\"EntryPoint\",\"urlTemplate\":\"https:\\\/\\\/www.izarkom.eus\\\/?s={search_term_string}\"},\"query-input\":{\"@type\":\"PropertyValueSpecification\",\"valueRequired\":true,\"valueName\":\"search_term_string\"}}],\"inLanguage\":\"es\"}]}<\/script>\n<!-- \/ Yoast SEO plugin. -->","yoast_head_json":{"title":"KIRRULI KULTUR EKARTEA - izarkom","robots":{"index":"index","follow":"follow","max-snippet":"max-snippet:-1","max-image-preview":"max-image-preview:large","max-video-preview":"max-video-preview:-1"},"canonical":"https:\/\/www.izarkom.eus\/project\/kirruli-kultur-ekartea\/","og_locale":"es_ES","og_type":"article","og_title":"KIRRULI KULTUR EKARTEA - izarkom","og_description":"KIRRULI KULTUR ELKARTEAHerriko taberna de Indautxu, con una programaci\u00f3n pol\u00edtica y cultural mensual.Direcci\u00f3n Mar\u00eda Diaz de Haro48013 Bilbo &nbsp;Herriko taberna de Indautxu, con una programaci\u00f3n pol\u00edtica y cultural mensual.","og_url":"https:\/\/www.izarkom.eus\/project\/kirruli-kultur-ekartea\/","og_site_name":"izarkom","article_modified_time":"2025-02-05T08:31:24+00:00","og_image":[{"width":300,"height":200,"url":"https:\/\/www.izarkom.eus\/wp-content\/uploads\/2022\/04\/Kirruli.jpg","type":"image\/jpeg"}],"twitter_card":"summary_large_image","twitter_misc":{"Tiempo de lectura":"3 minutos"},"schema":{"@context":"https:\/\/schema.org","@graph":[{"@type":"WebPage","@id":"https:\/\/www.izarkom.eus\/project\/kirruli-kultur-ekartea\/","url":"https:\/\/www.izarkom.eus\/project\/kirruli-kultur-ekartea\/","name":"KIRRULI KULTUR EKARTEA - izarkom","isPartOf":{"@id":"https:\/\/www.izarkom.eus\/#website"},"primaryImageOfPage":{"@id":"https:\/\/www.izarkom.eus\/project\/kirruli-kultur-ekartea\/#primaryimage"},"image":{"@id":"https:\/\/www.izarkom.eus\/project\/kirruli-kultur-ekartea\/#primaryimage"},"thumbnailUrl":"https:\/\/www.izarkom.eus\/wp-content\/uploads\/2022\/04\/Kirruli.jpg","datePublished":"2022-04-28T10:20:37+00:00","dateModified":"2025-02-05T08:31:24+00:00","breadcrumb":{"@id":"https:\/\/www.izarkom.eus\/project\/kirruli-kultur-ekartea\/#breadcrumb"},"inLanguage":"es","potentialAction":[{"@type":"ReadAction","target":["https:\/\/www.izarkom.eus\/project\/kirruli-kultur-ekartea\/"]}]},{"@type":"ImageObject","inLanguage":"es","@id":"https:\/\/www.izarkom.eus\/project\/kirruli-kultur-ekartea\/#primaryimage","url":"https:\/\/www.izarkom.eus\/wp-content\/uploads\/2022\/04\/Kirruli.jpg","contentUrl":"https:\/\/www.izarkom.eus\/wp-content\/uploads\/2022\/04\/Kirruli.jpg","width":300,"height":200},{"@type":"BreadcrumbList","@id":"https:\/\/www.izarkom.eus\/project\/kirruli-kultur-ekartea\/#breadcrumb","itemListElement":[{"@type":"ListItem","position":1,"name":"Home","item":"https:\/\/www.izarkom.eus\/"},{"@type":"ListItem","position":2,"name":"Projects","item":"https:\/\/www.izarkom.eus\/project\/"},{"@type":"ListItem","position":3,"name":"KIRRULI KULTUR EKARTEA"}]},{"@type":"WebSite","@id":"https:\/\/www.izarkom.eus\/#website","url":"https:\/\/www.izarkom.eus\/","name":"izarkom","description":"Izarkom, Euskal Herriko telekomunikazio kooperatiba","potentialAction":[{"@type":"SearchAction","target":{"@type":"EntryPoint","urlTemplate":"https:\/\/www.izarkom.eus\/?s={search_term_string}"},"query-input":{"@type":"PropertyValueSpecification","valueRequired":true,"valueName":"search_term_string"}}],"inLanguage":"es"}]}},"_links":{"self":[{"href":"https:\/\/www.izarkom.eus\/es\/wp-json\/wp\/v2\/project\/11655","targetHints":{"allow":["GET"]}}],"collection":[{"href":"https:\/\/www.izarkom.eus\/es\/wp-json\/wp\/v2\/project"}],"about":[{"href":"https:\/\/www.izarkom.eus\/es\/wp-json\/wp\/v2\/types\/project"}],"author":[{"embeddable":true,"href":"https:\/\/www.izarkom.eus\/es\/wp-json\/wp\/v2\/users\/5"}],"replies":[{"embeddable":true,"href":"https:\/\/www.izarkom.eus\/es\/wp-json\/wp\/v2\/comments?post=11655"}],"version-history":[{"count":5,"href":"https:\/\/www.izarkom.eus\/es\/wp-json\/wp\/v2\/project\/11655\/revisions"}],"predecessor-version":[{"id":21010,"href":"https:\/\/www.izarkom.eus\/es\/wp-json\/wp\/v2\/project\/11655\/revisions\/21010"}],"wp:featuredmedia":[{"embeddable":true,"href":"https:\/\/www.izarkom.eus\/es\/wp-json\/wp\/v2\/media\/11649"}],"wp:attachment":[{"href":"https:\/\/www.izarkom.eus\/es\/wp-json\/wp\/v2\/media?parent=11655"}],"wp:term":[{"taxonomy":"project_category","embeddable":true,"href":"https:\/\/www.izarkom.eus\/es\/wp-json\/wp\/v2\/project_category?post=11655"},{"taxonomy":"project_tag","embeddable":true,"href":"https:\/\/www.izarkom.eus\/es\/wp-json\/wp\/v2\/project_tag?post=11655"}],"curies":[{"name":"wp","href":"https:\/\/api.w.org\/{rel}","templated":true}]}}