{"id":9733,"date":"2021-06-23T18:58:09","date_gmt":"2021-06-23T16:58:09","guid":{"rendered":"https:\/\/www.izarkom.eus\/hizkuntza-politika\/"},"modified":"2025-01-03T12:49:57","modified_gmt":"2025-01-03T11:49:57","slug":"hizkuntza-politika","status":"publish","type":"page","link":"https:\/\/www.izarkom.eus\/es\/hizkuntza-politika\/","title":{"rendered":"Pol\u00edtica ling\u00fc\u00edstica"},"content":{"rendered":"<p>[et_pb_section fb_built=\u00bb1&#8243; admin_label=\u00bbProiektua\u00bb _builder_version=\u00bb4.25.1&#8243; background_color=\u00bbRGBA(255,255,255,0)\u00bb max_height_tablet=\u00bb\u00bb max_height_phone=\u00bb\u00bb max_height_last_edited=\u00bbon|phone\u00bb custom_margin=\u00bb110px||||false|false\u00bb custom_padding=\u00bb0|0px|0|0px|false|false\u00bb da_disable_devices=\u00bboff|off|off\u00bb global_colors_info=\u00bb{}\u00bb da_is_popup=\u00bboff\u00bb da_exit_intent=\u00bboff\u00bb da_has_close=\u00bbon\u00bb da_alt_close=\u00bboff\u00bb da_dark_close=\u00bboff\u00bb da_not_modal=\u00bbon\u00bb da_is_singular=\u00bboff\u00bb da_with_loader=\u00bboff\u00bb da_has_shadow=\u00bbon\u00bb][et_pb_row _builder_version=\u00bb4.22.1&#8243; background_color=\u00bbRGBA(255,255,255,0)\u00bb width=\u00bb65vw\u00bb width_tablet=\u00bb\u00bb width_phone=\u00bb100%\u00bb width_last_edited=\u00bbon|phone\u00bb max_width_tablet=\u00bb\u00bb max_width_phone=\u00bb2560%\u00bb max_width_last_edited=\u00bbon|tablet\u00bb custom_margin=\u00bb||||false|false\u00bb custom_margin_tablet=\u00bb\u00bb custom_margin_phone=\u00bb\u00bb custom_margin_last_edited=\u00bbon|tablet\u00bb custom_padding=\u00bb||0px|5vw|false|false\u00bb module_alignment_tablet=\u00bbcenter\u00bb module_alignment_phone=\u00bbcenter\u00bb module_alignment_last_edited=\u00bbon|desktop\u00bb global_colors_info=\u00bb{}\u00bb][et_pb_column type=\u00bb4_4&#8243; _builder_version=\u00bb4.22.1&#8243; background_enable_color=\u00bboff\u00bb custom_padding=\u00bb|||\u00bb global_colors_info=\u00bb{}\u00bb custom_padding__hover=\u00bb|||\u00bb][et_pb_text _builder_version=\u00bb4.22.1&#8243; text_line_height=\u00bb0em\u00bb header_text_align=\u00bbleft\u00bb header_text_color=\u00bb#016098&#8243; header_font_size=\u00bb35px\u00bb min_height=\u00bb45px\u00bb custom_margin=\u00bb||||false|false\u00bb custom_padding=\u00bb||||false|false\u00bb custom_padding_tablet=\u00bb\u00bb custom_padding_phone=\u00bb\u00bb custom_padding_last_edited=\u00bbon|desktop\u00bb global_colors_info=\u00bb{}\u00bb]<\/p>\n<h1>Pol\u00edtica ling\u00fc\u00edstica<\/h1>\n<p>[\/et_pb_text][et_pb_text _builder_version=\u00bb4.25.1&#8243; text_font=\u00bbPoppins|300|||||||\u00bb text_text_color=\u00bb#000000&#8243; text_font_size=\u00bb16px\u00bb header_3_text_color=\u00bb#ffffff\u00bb background_color=\u00bb#FAFAFC\u00bb max_width=\u00bb100%\u00bb max_width_tablet=\u00bb100%\u00bb max_width_phone=\u00bb90%\u00bb max_width_last_edited=\u00bbon|phone\u00bb module_alignment=\u00bbright\u00bb custom_margin=\u00bb-25px||62px|3.6vw|false|false\u00bb custom_margin_tablet=\u00bb\u00bb custom_margin_phone=\u00bb0px|0px|20px|0px|false|false\u00bb custom_margin_last_edited=\u00bbon|tablet\u00bb custom_padding=\u00bb44px|5vw|10px|5vw|false|false\u00bb custom_padding_tablet=\u00bb\u00bb custom_padding_phone=\u00bb35px|20px||20px|false|false\u00bb custom_padding_last_edited=\u00bbon|desktop\u00bb link_option_url_new_window=\u00bbon\u00bb hover_enabled=\u00bb0&#8243; module_alignment_tablet=\u00bb\u00bb module_alignment_phone=\u00bbcenter\u00bb module_alignment_last_edited=\u00bbon|phone\u00bb border_radii=\u00bbon|20px|20px|20px|20px\u00bb border_width_all=\u00bb2px\u00bb border_color_all=\u00bb#BF3E2D\u00bb border_style_all=\u00bbdashed\u00bb locked=\u00bboff\u00bb global_colors_info=\u00bb{}\u00bb text_font_size_last_edited=\u00bbon|phone\u00bb sticky_enabled=\u00bb0&#8243; text_font_size_phone=\u00bb15px\u00bb text_font_size_tablet=\u00bb16px\u00bb]<\/p>\n<ul>\n<li>\n<p align=\"justify\">IZARKOM es una iniciativa que quiere vivir en euskera, por lo que la lengua preferente ser\u00e1 el euskera, tanto en servicios como en comunicaciones.<\/p>\n<\/li>\n<\/ul>\n<ul>\n<li>\n<p align=\"justify\">Sin embargo, como sabemos tambi\u00e9n castellano y franc\u00e9s y si alg\u00fana persona socia solicitase que sus comunicaciones se realizasen en alguno de estos idiomas, dichas comunicaciones ser\u00e1n biling\u00fces (euskera + castellano\/franc\u00e9s).<\/p>\n<\/li>\n<\/ul>\n<ul>\n<li>\n<p align=\"justify\">Aunque se opte por recibir la comunicaci\u00f3n en castellano o franc\u00e9s, en aquellos casos en los que por dificultades t\u00e9cnicas solo sea posible enviar la documentaci\u00f3n o comunicaciones \u00fanicamente en un idioma, \u00e9sta se realizar\u00e1 en euskera.<\/p>\n<\/li>\n<\/ul>\n<ul>\n<li>\n<p align=\"justify\">Si en los documentos enviados en biling\u00fce, o en los diferentes idiomas de las p\u00e1ginas web apareciesen datos distintos, los que ser\u00e1n v\u00e1lidos ser\u00e1n siempre los que est\u00e9n en euskera.<\/p>\n<\/li>\n<\/ul>\n<ul>\n<li>\n<p align=\"justify\">En la mayor\u00eda de los casos, nuestras comunicaciones suelen ser cortas y f\u00e1ciles de entender, por lo que animamos a las personas socias que no saben euskera a que elijan igualmente este idioma para las comunicaciones, ya que hoy en d\u00edas en Internet hay varios traductores autom\u00e1ticos que funcionan con bastante exactitud.<\/p>\n<\/li>\n<\/ul>\n<ul>\n<li>Izan ere, guk EUSKARAZ BIZI NAHI DUGU.<\/li>\n<\/ul>\n<p><img loading=\"lazy\" decoding=\"async\" class=\"wp-image-9183 alignnone size-medium\" style=\"display: block; margin-left: auto; margin-right: auto;\" src=\"https:\/\/www.izarkom.eus\/wp-content\/uploads\/2021\/04\/zerbitzua-eta-lana-euskaraz-copia-2-300x145.png\" alt=\"\" width=\"300\" height=\"145\" \/><\/p>\n<p>[\/et_pb_text][\/et_pb_column][\/et_pb_row][\/et_pb_section]<\/p>\n","protected":false},"excerpt":{"rendered":"<p>Pol\u00edtica ling\u00fc\u00edstica IZARKOM es una iniciativa que quiere vivir en euskera, por lo que la lengua preferente ser\u00e1 el euskera, tanto en servicios como en comunicaciones. Sin embargo, como sabemos [&hellip;]<\/p>\n","protected":false},"author":4,"featured_media":0,"parent":0,"menu_order":0,"comment_status":"closed","ping_status":"closed","template":"","meta":{"_et_pb_use_builder":"on","_et_pb_old_content":"","_et_gb_content_width":"","footnotes":""},"class_list":["post-9733","page","type-page","status-publish","hentry"],"yoast_head":"<!-- This site is optimized with the Yoast SEO plugin v27.5 - https:\/\/yoast.com\/product\/yoast-seo-wordpress\/ -->\n<title>Pol\u00edtica ling\u00fc\u00edstica - izarkom<\/title>\n<meta name=\"robots\" content=\"index, follow, max-snippet:-1, max-image-preview:large, max-video-preview:-1\" \/>\n<link rel=\"canonical\" href=\"https:\/\/www.izarkom.eus\/hizkuntza-politika\/\" \/>\n<meta property=\"og:locale\" content=\"es_ES\" \/>\n<meta property=\"og:type\" content=\"article\" \/>\n<meta property=\"og:title\" content=\"Pol\u00edtica ling\u00fc\u00edstica - izarkom\" \/>\n<meta property=\"og:description\" content=\"Pol\u00edtica ling\u00fc\u00edstica IZARKOM es una iniciativa que quiere vivir en euskera, por lo que la lengua preferente ser\u00e1 el euskera, tanto en servicios como en comunicaciones. Sin embargo, como sabemos [&hellip;]\" \/>\n<meta property=\"og:url\" content=\"https:\/\/www.izarkom.eus\/hizkuntza-politika\/\" \/>\n<meta property=\"og:site_name\" content=\"izarkom\" \/>\n<meta property=\"article:modified_time\" content=\"2025-01-03T11:49:57+00:00\" \/>\n<meta property=\"og:image\" content=\"https:\/\/www.izarkom.eus\/wp-content\/uploads\/2021\/04\/zerbitzua-eta-lana-euskaraz-copia-2-300x145.png\" \/>\n<meta name=\"twitter:card\" content=\"summary_large_image\" \/>\n<meta name=\"twitter:label1\" content=\"Tiempo de lectura\" \/>\n\t<meta name=\"twitter:data1\" content=\"3 minutos\" \/>\n<script type=\"application\/ld+json\" class=\"yoast-schema-graph\">{\"@context\":\"https:\\\/\\\/schema.org\",\"@graph\":[{\"@type\":\"WebPage\",\"@id\":\"https:\\\/\\\/www.izarkom.eus\\\/hizkuntza-politika\\\/\",\"url\":\"https:\\\/\\\/www.izarkom.eus\\\/hizkuntza-politika\\\/\",\"name\":\"Pol\u00edtica ling\u00fc\u00edstica - izarkom\",\"isPartOf\":{\"@id\":\"https:\\\/\\\/www.izarkom.eus\\\/#website\"},\"primaryImageOfPage\":{\"@id\":\"https:\\\/\\\/www.izarkom.eus\\\/hizkuntza-politika\\\/#primaryimage\"},\"image\":{\"@id\":\"https:\\\/\\\/www.izarkom.eus\\\/hizkuntza-politika\\\/#primaryimage\"},\"thumbnailUrl\":\"https:\\\/\\\/www.izarkom.eus\\\/wp-content\\\/uploads\\\/2021\\\/04\\\/zerbitzua-eta-lana-euskaraz-copia-2-300x145.png\",\"datePublished\":\"2021-06-23T16:58:09+00:00\",\"dateModified\":\"2025-01-03T11:49:57+00:00\",\"breadcrumb\":{\"@id\":\"https:\\\/\\\/www.izarkom.eus\\\/hizkuntza-politika\\\/#breadcrumb\"},\"inLanguage\":\"es\",\"potentialAction\":[{\"@type\":\"ReadAction\",\"target\":[\"https:\\\/\\\/www.izarkom.eus\\\/hizkuntza-politika\\\/\"]}]},{\"@type\":\"ImageObject\",\"inLanguage\":\"es\",\"@id\":\"https:\\\/\\\/www.izarkom.eus\\\/hizkuntza-politika\\\/#primaryimage\",\"url\":\"https:\\\/\\\/www.izarkom.eus\\\/wp-content\\\/uploads\\\/2021\\\/04\\\/zerbitzua-eta-lana-euskaraz-copia-2-300x145.png\",\"contentUrl\":\"https:\\\/\\\/www.izarkom.eus\\\/wp-content\\\/uploads\\\/2021\\\/04\\\/zerbitzua-eta-lana-euskaraz-copia-2-300x145.png\"},{\"@type\":\"BreadcrumbList\",\"@id\":\"https:\\\/\\\/www.izarkom.eus\\\/hizkuntza-politika\\\/#breadcrumb\",\"itemListElement\":[{\"@type\":\"ListItem\",\"position\":1,\"name\":\"Home\",\"item\":\"https:\\\/\\\/www.izarkom.eus\\\/\"},{\"@type\":\"ListItem\",\"position\":2,\"name\":\"Pol\u00edtica ling\u00fc\u00edstica\"}]},{\"@type\":\"WebSite\",\"@id\":\"https:\\\/\\\/www.izarkom.eus\\\/#website\",\"url\":\"https:\\\/\\\/www.izarkom.eus\\\/\",\"name\":\"izarkom\",\"description\":\"Izarkom, Euskal Herriko telekomunikazio kooperatiba\",\"potentialAction\":[{\"@type\":\"SearchAction\",\"target\":{\"@type\":\"EntryPoint\",\"urlTemplate\":\"https:\\\/\\\/www.izarkom.eus\\\/?s={search_term_string}\"},\"query-input\":{\"@type\":\"PropertyValueSpecification\",\"valueRequired\":true,\"valueName\":\"search_term_string\"}}],\"inLanguage\":\"es\"}]}<\/script>\n<!-- \/ Yoast SEO plugin. -->","yoast_head_json":{"title":"Pol\u00edtica ling\u00fc\u00edstica - izarkom","robots":{"index":"index","follow":"follow","max-snippet":"max-snippet:-1","max-image-preview":"max-image-preview:large","max-video-preview":"max-video-preview:-1"},"canonical":"https:\/\/www.izarkom.eus\/hizkuntza-politika\/","og_locale":"es_ES","og_type":"article","og_title":"Pol\u00edtica ling\u00fc\u00edstica - izarkom","og_description":"Pol\u00edtica ling\u00fc\u00edstica IZARKOM es una iniciativa que quiere vivir en euskera, por lo que la lengua preferente ser\u00e1 el euskera, tanto en servicios como en comunicaciones. Sin embargo, como sabemos [&hellip;]","og_url":"https:\/\/www.izarkom.eus\/hizkuntza-politika\/","og_site_name":"izarkom","article_modified_time":"2025-01-03T11:49:57+00:00","og_image":[{"url":"https:\/\/www.izarkom.eus\/wp-content\/uploads\/2021\/04\/zerbitzua-eta-lana-euskaraz-copia-2-300x145.png","type":"","width":"","height":""}],"twitter_card":"summary_large_image","twitter_misc":{"Tiempo de lectura":"3 minutos"},"schema":{"@context":"https:\/\/schema.org","@graph":[{"@type":"WebPage","@id":"https:\/\/www.izarkom.eus\/hizkuntza-politika\/","url":"https:\/\/www.izarkom.eus\/hizkuntza-politika\/","name":"Pol\u00edtica ling\u00fc\u00edstica - izarkom","isPartOf":{"@id":"https:\/\/www.izarkom.eus\/#website"},"primaryImageOfPage":{"@id":"https:\/\/www.izarkom.eus\/hizkuntza-politika\/#primaryimage"},"image":{"@id":"https:\/\/www.izarkom.eus\/hizkuntza-politika\/#primaryimage"},"thumbnailUrl":"https:\/\/www.izarkom.eus\/wp-content\/uploads\/2021\/04\/zerbitzua-eta-lana-euskaraz-copia-2-300x145.png","datePublished":"2021-06-23T16:58:09+00:00","dateModified":"2025-01-03T11:49:57+00:00","breadcrumb":{"@id":"https:\/\/www.izarkom.eus\/hizkuntza-politika\/#breadcrumb"},"inLanguage":"es","potentialAction":[{"@type":"ReadAction","target":["https:\/\/www.izarkom.eus\/hizkuntza-politika\/"]}]},{"@type":"ImageObject","inLanguage":"es","@id":"https:\/\/www.izarkom.eus\/hizkuntza-politika\/#primaryimage","url":"https:\/\/www.izarkom.eus\/wp-content\/uploads\/2021\/04\/zerbitzua-eta-lana-euskaraz-copia-2-300x145.png","contentUrl":"https:\/\/www.izarkom.eus\/wp-content\/uploads\/2021\/04\/zerbitzua-eta-lana-euskaraz-copia-2-300x145.png"},{"@type":"BreadcrumbList","@id":"https:\/\/www.izarkom.eus\/hizkuntza-politika\/#breadcrumb","itemListElement":[{"@type":"ListItem","position":1,"name":"Home","item":"https:\/\/www.izarkom.eus\/"},{"@type":"ListItem","position":2,"name":"Pol\u00edtica ling\u00fc\u00edstica"}]},{"@type":"WebSite","@id":"https:\/\/www.izarkom.eus\/#website","url":"https:\/\/www.izarkom.eus\/","name":"izarkom","description":"Izarkom, Euskal Herriko telekomunikazio kooperatiba","potentialAction":[{"@type":"SearchAction","target":{"@type":"EntryPoint","urlTemplate":"https:\/\/www.izarkom.eus\/?s={search_term_string}"},"query-input":{"@type":"PropertyValueSpecification","valueRequired":true,"valueName":"search_term_string"}}],"inLanguage":"es"}]}},"_links":{"self":[{"href":"https:\/\/www.izarkom.eus\/es\/wp-json\/wp\/v2\/pages\/9733","targetHints":{"allow":["GET"]}}],"collection":[{"href":"https:\/\/www.izarkom.eus\/es\/wp-json\/wp\/v2\/pages"}],"about":[{"href":"https:\/\/www.izarkom.eus\/es\/wp-json\/wp\/v2\/types\/page"}],"author":[{"embeddable":true,"href":"https:\/\/www.izarkom.eus\/es\/wp-json\/wp\/v2\/users\/4"}],"replies":[{"embeddable":true,"href":"https:\/\/www.izarkom.eus\/es\/wp-json\/wp\/v2\/comments?post=9733"}],"version-history":[{"count":5,"href":"https:\/\/www.izarkom.eus\/es\/wp-json\/wp\/v2\/pages\/9733\/revisions"}],"predecessor-version":[{"id":20361,"href":"https:\/\/www.izarkom.eus\/es\/wp-json\/wp\/v2\/pages\/9733\/revisions\/20361"}],"wp:attachment":[{"href":"https:\/\/www.izarkom.eus\/es\/wp-json\/wp\/v2\/media?parent=9733"}],"curies":[{"name":"wp","href":"https:\/\/api.w.org\/{rel}","templated":true}]}}