{"id":8684,"date":"2021-04-01T13:55:03","date_gmt":"2021-04-01T11:55:03","guid":{"rendered":"https:\/\/www.izarkom.eus\/contacto-2\/"},"modified":"2026-02-20T12:49:27","modified_gmt":"2026-02-20T11:49:27","slug":"contacto","status":"publish","type":"page","link":"https:\/\/www.izarkom.eus\/es\/contacto\/","title":{"rendered":"Contacto"},"content":{"rendered":"<p>[et_pb_section fb_built=\u00bb1&#8243; admin_label=\u00bbsection\u00bb _builder_version=\u00bb4.25.1&#8243; background_color=\u00bbRGBA(255,255,255,0)\u00bb width=\u00bb95%\u00bb max_width=\u00bb85%\u00bb max_width_tablet=\u00bb\u00bb max_width_phone=\u00bb100%\u00bb max_width_last_edited=\u00bbon|phone\u00bb module_alignment=\u00bbcenter\u00bb custom_margin=\u00bb106px||||false|false\u00bb custom_padding=\u00bb0px|0px|76.1167px|0px|false|false\u00bb da_disable_devices=\u00bboff|off|off\u00bb global_colors_info=\u00bb{}\u00bb da_is_popup=\u00bboff\u00bb da_exit_intent=\u00bboff\u00bb da_has_close=\u00bbon\u00bb da_alt_close=\u00bboff\u00bb da_dark_close=\u00bboff\u00bb da_not_modal=\u00bbon\u00bb da_is_singular=\u00bboff\u00bb da_with_loader=\u00bboff\u00bb da_has_shadow=\u00bbon\u00bb][et_pb_row admin_label=\u00bbAbout Area\u00bb _builder_version=\u00bb4.16&#8243; background_enable_color=\u00bboff\u00bb max_width=\u00bb100%\u00bb min_height=\u00bb100px\u00bb custom_margin=\u00bb||||false|false\u00bb custom_padding=\u00bb0px||0px|0px|false|false\u00bb locked=\u00bboff\u00bb global_colors_info=\u00bb{}\u00bb][et_pb_column type=\u00bb4_4&#8243; saved_specialty_column_type=\u00bb2_3&#8243; _builder_version=\u00bb4.16&#8243; background_color=\u00bbrgba(0,0,0,0)\u00bb custom_padding=\u00bb25px||||false|false\u00bb global_colors_info=\u00bb{}\u00bb custom_padding__hover=\u00bb|||\u00bb][et_pb_text admin_label=\u00bbTitle\u00bb _builder_version=\u00bb4.25.1&#8243; text_font=\u00bb||||||||\u00bb header_font=\u00bb||||||||\u00bb header_text_align=\u00bbleft\u00bb header_text_color=\u00bb#016098&#8243; header_font_size=\u00bb41px\u00bb header_2_font=\u00bbPoppins|600|||||||\u00bb header_2_text_align=\u00bbcenter\u00bb header_2_font_size=\u00bb36px\u00bb header_2_line_height=\u00bb1.2em\u00bb text_orientation=\u00bbcenter\u00bb background_layout=\u00bbdark\u00bb module_alignment=\u00bbleft\u00bb custom_margin=\u00bb||0px|\u00bb custom_padding=\u00bb|||\u00bb animation_style=\u00bbfade\u00bb animation_direction=\u00bbtop\u00bb header_font_tablet=\u00bb\u00bb header_font_phone=\u00bb\u00bb header_font_last_edited=\u00bbon|phone\u00bb header_font_size_tablet=\u00bb60px\u00bb header_font_size_phone=\u00bb30px\u00bb header_font_size_last_edited=\u00bbon|phone\u00bb global_colors_info=\u00bb{}\u00bb]<\/p>\n<h1>Contacto<\/h1>\n<p>[\/et_pb_text][\/et_pb_column][\/et_pb_row][et_pb_row column_structure=\u00bb1_2,1_2&#8243; custom_padding_last_edited=\u00bbon|\u00bb admin_label=\u00bbrow\u00bb _builder_version=\u00bb4.22.1&#8243; background_enable_color=\u00bboff\u00bb background_size=\u00bbinitial\u00bb background_position=\u00bbtop_left\u00bb background_repeat=\u00bbrepeat\u00bb width_tablet=\u00bb100%\u00bb width_phone=\u00bb\u00bb width_last_edited=\u00bbon|tablet\u00bb custom_margin=\u00bb||||false|false\u00bb custom_padding=\u00bb0px|0px|0px|0px|false|false\u00bb custom_padding_tablet=\u00bb\u00bb custom_padding_phone=\u00bb\u00bb global_colors_info=\u00bb{}\u00bb][et_pb_column type=\u00bb1_2&#8243; _builder_version=\u00bb4.16&#8243; custom_padding=\u00bb|||\u00bb global_colors_info=\u00bb{}\u00bb custom_padding__hover=\u00bb|||\u00bb][et_pb_text _builder_version=\u00bb4.25.1&#8243; text_font=\u00bb|300|||||||\u00bb text_text_color=\u00bb#000000&#8243; text_font_size=\u00bb16px\u00bb header_text_color=\u00bb#00609A\u00bb header_font_size=\u00bb24px\u00bb header_2_text_color=\u00bb#BA0533&#8243; header_2_font_size=\u00bb45px\u00bb header_3_text_color=\u00bb#BA0533&#8243; background_size=\u00bbinitial\u00bb background_position=\u00bbtop_left\u00bb background_repeat=\u00bbrepeat\u00bb text_orientation=\u00bbcenter\u00bb width_tablet=\u00bb\u00bb width_phone=\u00bb90%\u00bb width_last_edited=\u00bbon|phone\u00bb module_alignment=\u00bbcenter\u00bb custom_padding=\u00bb30px|20px|30px|20px|true|false\u00bb header_2_font_size_tablet=\u00bb45px\u00bb header_2_font_size_phone=\u00bb40px\u00bb header_2_font_size_last_edited=\u00bbon|phone\u00bb border_radii=\u00bbon|20px|20px|20px|20px\u00bb border_width_all=\u00bb1px\u00bb border_color_all=\u00bb#DBDBDB\u00bb box_shadow_style=\u00bbpreset2&#8243; global_colors_info=\u00bb{}\u00bb]<\/p>\n<h1 style=\"text-align: center;\"><strong>e-MAIL<\/strong><\/h1>\n<h3 style=\"text-align: center;\"><a href=\"mailto:arreta@izarkom.eus\">arreta@izarkom.eus<\/a><\/h3>\n<p>&nbsp;<\/p>\n<h1 style=\"text-align: center;\"><strong>TEL\u00c9FONO<\/strong><\/h1>\n<h2 style=\"text-align: center;\"><strong>900 909 777<br \/><\/strong><\/h2>\n<p style=\"text-align: center;\">\u00a0<strong>Horario:\u00a0<\/strong>Laborales\u00a0 de <strong>10:00<\/strong>, a <strong>14:00<\/strong>.<\/p>\n<h1 style=\"text-align: center;\">\u00a0<\/h1>\n<h1 style=\"text-align: center;\"><strong>OFICINA PRINCIPAL<\/strong><\/h1>\n<h3 style=\"text-align: center;\"><strong><a href=\"https:\/\/goo.gl\/maps\/eGkvcsLBWReDBWY56\">Pilar kalea, 5. Bajo. 20304 IRUN<\/a><\/strong><\/h3>\n<p style=\"text-align: center;\"><strong>Horario:<\/strong> Laborales De <strong>9:00<\/strong> a <strong>17:00<\/strong><\/p>\n<p style=\"text-align: center;\">(Aconsejamos concertar cita previa)<\/p>\n<h1 style=\"text-align: center;\"><strong>NODO DE BILBO<\/strong><\/h1>\n<h3 style=\"text-align: center;\"><strong><a href=\"https:\/\/maps.app.goo.gl\/dimqPceLjam5wCxD6\">Goienkale, 14. Bajo. 48005 BILBO<\/a><\/strong><\/h3>\n<p style=\"text-align: center;\"><strong>Horario:<\/strong> Lunes a Mi\u00e9rcoles De <strong>10:00<\/strong> a <strong>17:00<\/strong>.<\/p>\n<p style=\"text-align: center;\">Jueves y Viernes De <strong>10:00 a 15:00<\/strong><\/p>\n<h1 style=\"text-align: center;\"><strong>OFICINA DE IRU\u00d1EA<br \/><\/strong><\/h1>\n<h3 style=\"text-align: center;\"><strong><a href=\"https:\/\/maps.app.goo.gl\/YupRPRNXwQCrCZmc9\">Kale Berria, 10. Bajo. 31001 IRU\u00d1EA<\/a><\/strong><\/h3>\n<p style=\"text-align: center;\"><strong>Horario:<\/strong> Laborales De <strong>9:00<\/strong> a <strong>17:00<\/strong>.<\/p>\n<p>[\/et_pb_text][et_pb_blurb title=\u00bbCALENDARIO ANUAL\u00bb use_icon=\u00bbon\u00bb font_icon=\u00bb&#xf073;||fa||400&#8243; image_icon_width=\u00bb60px\u00bb content_max_width_tablet=\u00bb\u00bb content_max_width_phone=\u00bb\u00bb content_max_width_last_edited=\u00bbon|phone\u00bb disabled_on=\u00bbon|on|off\u00bb _builder_version=\u00bb4.25.1&#8243; _module_preset=\u00bbdefault\u00bb header_level=\u00bbh1&#8243; header_text_align=\u00bbcenter\u00bb header_text_color=\u00bb#016098&#8243; body_font=\u00bbPoppins|300|||||||\u00bb body_font_size=\u00bb16px\u00bb max_width_tablet=\u00bb\u00bb max_width_phone=\u00bb95%\u00bb max_width_last_edited=\u00bbon|phone\u00bb module_alignment=\u00bbcenter\u00bb custom_padding=\u00bb14px||12px||false|false\u00bb border_radii=\u00bbon|20px|20px|20px|20px\u00bb border_width_all=\u00bb1px\u00bb border_color_all=\u00bb#DBDBDB\u00bb box_shadow_style=\u00bbpreset2&#8243; global_colors_info=\u00bb{}\u00bb]<\/p>\n<p style=\"text-align: center;\">Calendario laboral anual de Izarkom:<\/p>\n<p style=\"text-align: center;\"><a href=\"https:\/\/www.izarkom.eus\/es\/calendario-laboral-2024\/\"><b>Consultar aqu\u00ed<\/b><\/a><\/p>\n<p style=\"text-align: center;\">(D\u00edas que el Servicio de Atenci\u00f3n permanecer\u00e1 cerrado)<\/p>\n<p>[\/et_pb_blurb][\/et_pb_column][et_pb_column type=\u00bb1_2&#8243; _builder_version=\u00bb4.23.1&#8243; _module_preset=\u00bbdefault\u00bb global_colors_info=\u00bb{}\u00bb][et_pb_text disabled_on=\u00bbon|on|off\u00bb _builder_version=\u00bb4.25.1&#8243; text_font=\u00bbPoppins|300|||||||\u00bb text_text_color=\u00bb#FFFFFF\u00bb background_color=\u00bb#BA0533&#8243; background_size=\u00bbinitial\u00bb background_position=\u00bbtop_left\u00bb background_repeat=\u00bbrepeat\u00bb background_layout=\u00bbdark\u00bb width_tablet=\u00bb100%\u00bb width_phone=\u00bb100%\u00bb width_last_edited=\u00bbon|phone\u00bb max_width_tablet=\u00bb\u00bb max_width_phone=\u00bb95%\u00bb max_width_last_edited=\u00bbon|phone\u00bb module_alignment=\u00bbcenter\u00bb custom_margin=\u00bb|0px|||false|false\u00bb custom_padding=\u00bb20px|30px|50px|30px|false|false\u00bb custom_padding_tablet=\u00bb|0px||16px|false|false\u00bb custom_padding_phone=\u00bb15px|20px|50px|14px|false|false\u00bb custom_padding_last_edited=\u00bbon|phone\u00bb module_alignment_tablet=\u00bbcenter\u00bb module_alignment_phone=\u00bb\u00bb module_alignment_last_edited=\u00bbon|tablet\u00bb border_radii=\u00bbon|20px|20px|20px|20px\u00bb border_color_all=\u00bb#ffffff\u00bb box_shadow_style=\u00bbpreset2&#8243; use_border_color=\u00bboff\u00bb global_colors_info=\u00bb{}\u00bb]<\/p>\n<h2>Contactanos<\/h2>\n<p>Si tienes alguna duda o pregunta escribe a  <a style=\"color: #dbdbdb;\" href=\"mailto:arreta@izarkom.eus\"><span style=\"text-decoration: underline;\">arreta@izarkom.eus<\/span><\/a>.<\/p>\n<p>[\/et_pb_text][et_pb_text _builder_version=\u00bb4.25.1&#8243; text_font=\u00bb|300|||||||\u00bb text_text_color=\u00bb#000000&#8243; text_font_size=\u00bb16px\u00bb header_font_size=\u00bb24px\u00bb header_2_text_color=\u00bb#000000&#8243; header_3_text_color=\u00bb#BA0533&#8243; header_3_font_size=\u00bb30px\u00bb background_size=\u00bbinitial\u00bb background_position=\u00bbtop_left\u00bb background_repeat=\u00bbrepeat\u00bb text_orientation=\u00bbcenter\u00bb width_tablet=\u00bb\u00bb width_phone=\u00bb95%\u00bb width_last_edited=\u00bbon|phone\u00bb module_alignment=\u00bbcenter\u00bb custom_padding=\u00bb10px|20px|10px|20px|false|false\u00bb text_font_size_tablet=\u00bb16px\u00bb text_font_size_phone=\u00bb15px\u00bb text_font_size_last_edited=\u00bbon|phone\u00bb border_radii=\u00bbon|20px|20px|20px|20px\u00bb border_width_all=\u00bb7px\u00bb border_color_all=\u00bb#E4971B\u00bb box_shadow_style=\u00bbpreset2&#8243; global_colors_info=\u00bb{}\u00bb]<\/p>\n<h1>\u00a0URGENCIAS<\/h1>\n<p style=\"text-align: center;\">En caso de <strong>emergencia<\/strong> fuera del horario laboral o en d\u00edas festivos, <strong>env\u00eda un SMS<\/strong> al siguiente tel\u00e9fono (no se atender\u00e1n llamadas) y nosotras nos pondremos en contacto contigo<\/p>\n<p style=\"text-align: center;\"><strong>*<\/strong>* Por favor, al enviar el SMS indica t\u00fa nombre y apellidos (de la persona soci@), ya que de lo contrario no sabemos qui\u00e9n lo ha escrito.<\/p>\n<h3 style=\"text-align: center;\">693922997<\/h3>\n<p style=\"text-align: center;\"><strong>Ten en cuenta que al otro lado del tel\u00e9fono de emergencia hay una persona que te atender\u00e1 fuera del horario laboral, as\u00ed que antes de enviar el SMS en festivos o deshoras, reflexiona t\u00fa mismo si realmente es una emergencia.<\/strong><\/p>\n<p>[\/et_pb_text][\/et_pb_column][\/et_pb_row][et_pb_row column_structure=\u00bb1_2,1_2&#8243; custom_padding_last_edited=\u00bbon|\u00bb disabled_on=\u00bboff|off|on\u00bb admin_label=\u00bbrow\u00bb _builder_version=\u00bb4.25.1&#8243; background_enable_color=\u00bboff\u00bb background_size=\u00bbinitial\u00bb background_position=\u00bbtop_left\u00bb background_repeat=\u00bbrepeat\u00bb width_tablet=\u00bb100%\u00bb width_phone=\u00bb\u00bb width_last_edited=\u00bbon|tablet\u00bb custom_margin=\u00bb30px||||false|false\u00bb custom_padding=\u00bb0px|0px|0px|0px|false|false\u00bb custom_padding_tablet=\u00bb\u00bb custom_padding_phone=\u00bb\u00bb global_colors_info=\u00bb{}\u00bb][et_pb_column type=\u00bb1_2&#8243; _builder_version=\u00bb4.16&#8243; custom_padding=\u00bb|||\u00bb global_colors_info=\u00bb{}\u00bb custom_padding__hover=\u00bb|||\u00bb][et_pb_text disabled_on=\u00bbon|on|off\u00bb _builder_version=\u00bb4.25.1&#8243; text_font=\u00bb|300|||||||\u00bb text_text_color=\u00bb#000000&#8243; text_font_size=\u00bb16px\u00bb header_text_color=\u00bb#00609A\u00bb header_font_size=\u00bb24px\u00bb header_2_text_color=\u00bb#BA0533&#8243; header_2_font_size=\u00bb45px\u00bb header_3_text_color=\u00bb#BA0533&#8243; background_size=\u00bbinitial\u00bb background_position=\u00bbtop_left\u00bb background_repeat=\u00bbrepeat\u00bb text_orientation=\u00bbcenter\u00bb width_tablet=\u00bb\u00bb width_phone=\u00bb90%\u00bb width_last_edited=\u00bbon|phone\u00bb module_alignment=\u00bbcenter\u00bb custom_padding=\u00bb30px|20px|30px|20px|true|false\u00bb header_2_font_size_tablet=\u00bb45px\u00bb header_2_font_size_phone=\u00bb40px\u00bb header_2_font_size_last_edited=\u00bbon|phone\u00bb border_radii=\u00bbon|20px|20px|20px|20px\u00bb border_width_all=\u00bb1px\u00bb border_color_all=\u00bb#DBDBDB\u00bb box_shadow_style=\u00bbpreset2&#8243; global_colors_info=\u00bb{}\u00bb]<\/p>\n<h1 style=\"text-align: center;\">\u00a0<\/h1>\n<h1 style=\"text-align: center;\">\u00a0<\/h1>\n<h1 style=\"text-align: center;\"><strong>e-mail<br \/><\/strong><\/h1>\n<h3 style=\"text-align: center;\"><a href=\"mailto:arreta@izarkom.eus\">arreta@izarkom.eus<\/a><\/h3>\n<h1 style=\"text-align: center;\">\u00a0<\/h1>\n<h1 style=\"text-align: center;\">\u00a0<\/h1>\n<h1 style=\"text-align: center;\"><strong>TEL\u00c9FONO<\/strong><\/h1>\n<h1 style=\"text-align: center; font-size: 500%; color: #853735;\"><strong>900 909 777<br \/><\/strong><\/h1>\n<p style=\"text-align: center;\">\u00a0<strong>Horario: <\/strong>Laborales\u00a0 de <strong>10:00<\/strong>, a <strong>14:00<\/strong>.<\/p>\n<h1 style=\"text-align: center;\">\u00a0<\/h1>\n<h1 style=\"text-align: center;\"><strong>OFICINA PRINCIPAL<br \/><\/strong><\/h1>\n<h3 style=\"text-align: center;\"><strong><a href=\"https:\/\/goo.gl\/maps\/eGkvcsLBWReDBWY56\">Pilar kalea, 5. Bajo. 20304 IRUN<\/a><\/strong><\/h3>\n<p style=\"text-align: center;\"><strong>Horario:<\/strong> Laborales De <strong>9:00<\/strong> a <strong>17:00<\/strong>.<\/p>\n<p style=\"text-align: center;\">(Aconsejamos concertar cita previa)<\/p>\n<h1 style=\"text-align: center;\"><strong>NODO DE BILBO<br \/><\/strong><\/h1>\n<h3 style=\"text-align: center;\"><strong><a href=\"https:\/\/maps.app.goo.gl\/dimqPceLjam5wCxD6\">Goienkale, 14. Bajo. 48005 BILBO<\/a><\/strong><\/h3>\n<p style=\"text-align: center;\"><strong>Horario:<\/strong> Lunes a Mi\u00e9rcoles De <strong>10:00<\/strong> a <strong>17:00<\/strong>.<\/p>\n<p style=\"text-align: center;\">Jueves y Viernes De <strong>10:00 a 15:00<\/strong><\/p>\n<p>&nbsp;<\/p>\n<p>[\/et_pb_text][et_pb_blurb title=\u00bbCALENDARIO ANUAL\u00bb use_icon=\u00bbon\u00bb font_icon=\u00bb&#xf073;||fa||400&#8243; image_icon_width=\u00bb60px\u00bb content_max_width_tablet=\u00bb\u00bb content_max_width_phone=\u00bb\u00bb content_max_width_last_edited=\u00bbon|phone\u00bb _builder_version=\u00bb4.25.1&#8243; _module_preset=\u00bbdefault\u00bb header_level=\u00bbh1&#8243; header_text_align=\u00bbcenter\u00bb header_text_color=\u00bb#016098&#8243; body_font=\u00bbPoppins|300|||||||\u00bb body_font_size=\u00bb16px\u00bb max_width_tablet=\u00bb\u00bb max_width_phone=\u00bb95%\u00bb max_width_last_edited=\u00bbon|phone\u00bb module_alignment=\u00bbcenter\u00bb custom_padding=\u00bb14px||12px||false|false\u00bb border_radii=\u00bbon|20px|20px|20px|20px\u00bb border_width_all=\u00bb1px\u00bb border_color_all=\u00bb#DBDBDB\u00bb box_shadow_style=\u00bbpreset2&#8243; global_colors_info=\u00bb{}\u00bb]<\/p>\n<p style=\"text-align: center;\">Calendario laboral anual de Izarkom:<\/p>\n<p style=\"text-align: center;\"><a href=\"https:\/\/www.izarkom.eus\/es\/calendario-laboral-2024\/\"><b>Consultar aqu\u00ed<\/b><\/a><\/p>\n<p style=\"text-align: center;\">(D\u00edas que el Servicio de Atenci\u00f3n permanecer\u00e1 cerrado)<\/p>\n<p>[\/et_pb_blurb][\/et_pb_column][et_pb_column type=\u00bb1_2&#8243; _builder_version=\u00bb4.23.1&#8243; _module_preset=\u00bbdefault\u00bb global_colors_info=\u00bb{}\u00bb][et_pb_text _builder_version=\u00bb4.25.1&#8243; text_font=\u00bbPoppins|300|||||||\u00bb text_text_color=\u00bb#FFFFFF\u00bb background_color=\u00bb#BA0533&#8243; background_size=\u00bbinitial\u00bb background_position=\u00bbtop_left\u00bb background_repeat=\u00bbrepeat\u00bb background_layout=\u00bbdark\u00bb width_tablet=\u00bb100%\u00bb width_phone=\u00bb100%\u00bb width_last_edited=\u00bbon|phone\u00bb max_width_tablet=\u00bb\u00bb max_width_phone=\u00bb95%\u00bb max_width_last_edited=\u00bbon|phone\u00bb module_alignment=\u00bbcenter\u00bb custom_margin=\u00bb|0px|||false|false\u00bb custom_padding=\u00bb20px|30px|50px|30px|false|false\u00bb custom_padding_tablet=\u00bb|0px||16px|false|false\u00bb custom_padding_phone=\u00bb15px|20px|50px|14px|false|false\u00bb custom_padding_last_edited=\u00bbon|phone\u00bb header_font_size_tablet=\u00bb\u00bb header_font_size_phone=\u00bb25px\u00bb header_font_size_last_edited=\u00bbon|desktop\u00bb module_alignment_tablet=\u00bbcenter\u00bb module_alignment_phone=\u00bbcenter\u00bb module_alignment_last_edited=\u00bbon|tablet\u00bb border_radii=\u00bbon|20px|20px|20px|20px\u00bb border_color_all=\u00bb#ffffff\u00bb box_shadow_style=\u00bbpreset2&#8243; use_border_color=\u00bboff\u00bb global_colors_info=\u00bb{}\u00bb]<\/p>\n<h2>Contactanos<\/h2>\n<p>Si tienes alguna duda o pregunta escribe a <a href=\"mailto:arreta@izarkom.eus\">arreta@izarkom.eus<\/a>.<\/p>\n<p>[\/et_pb_text][et_pb_text disabled_on=\u00bbon|on|off\u00bb _builder_version=\u00bb4.25.1&#8243; text_font=\u00bb|300|||||||\u00bb text_text_color=\u00bb#000000&#8243; text_font_size=\u00bb16px\u00bb header_font_size=\u00bb24px\u00bb header_2_text_color=\u00bb#000000&#8243; header_3_text_color=\u00bb#BA0533&#8243; header_3_font_size=\u00bb30px\u00bb background_size=\u00bbinitial\u00bb background_position=\u00bbtop_left\u00bb background_repeat=\u00bbrepeat\u00bb text_orientation=\u00bbcenter\u00bb width_tablet=\u00bb\u00bb width_phone=\u00bb95%\u00bb width_last_edited=\u00bbon|phone\u00bb module_alignment=\u00bbcenter\u00bb custom_padding=\u00bb10px|20px|10px|20px|false|false\u00bb text_font_size_tablet=\u00bb16px\u00bb text_font_size_phone=\u00bb15px\u00bb text_font_size_last_edited=\u00bbon|phone\u00bb border_radii=\u00bbon|20px|20px|20px|20px\u00bb border_width_all=\u00bb7px\u00bb border_color_all=\u00bb#E4971B\u00bb box_shadow_style=\u00bbpreset2&#8243; global_colors_info=\u00bb{}\u00bb]<\/p>\n<h1>URGENCIAS<\/h1>\n<p style=\"text-align: center;\">Si tienes una <strong>emergencia<\/strong> fuera del horario laboral o en festivo, <strong>env\u00eda un SMS<\/strong> al siguiente tel\u00e9fono (las llamadas no se atender\u00e1n) y nosotros nos pondremos en contacto contigo.<\/p>\n<h3 style=\"text-align: center;\">693922997<\/h3>\n<p style=\"text-align: center;\"><strong>Ten en cuenta que, al otro lado del tel\u00e9fono de emergencia, hay una persona que te atiende fuera del horario laboral, por lo que antes de enviar un SMS en d\u00edas o deshoras de fiesta, piensa si realmente es una emergencia o no.<\/strong><\/p>\n<p>[\/et_pb_text][\/et_pb_column][\/et_pb_row][et_pb_row _builder_version=\u00bb4.22.1&#8243; _module_preset=\u00bbdefault\u00bb width=\u00bb100%\u00bb global_colors_info=\u00bb{}\u00bb][et_pb_column type=\u00bb4_4&#8243; _builder_version=\u00bb4.22.1&#8243; _module_preset=\u00bbdefault\u00bb global_colors_info=\u00bb{}\u00bb][et_pb_cta title=\u00bbAsociate\u00bb button_url=\u00bbhttps:\/\/www.izarkom.eus\/es\/asociate\/\u00bb button_text=\u00bbASOCIATE\u00bb _builder_version=\u00bb4.25.1&#8243; _module_preset=\u00bbdefault\u00bb header_font_size=\u00bb30px\u00bb body_font_size=\u00bb16px\u00bb custom_button=\u00bbon\u00bb button_text_size=\u00bb28px\u00bb button_text_color=\u00bb#BF3E2D\u00bb button_bg_color=\u00bb#FFFFFF\u00bb button_border_width=\u00bb0px\u00bb button_border_color=\u00bbRGBA(255,255,255,0)\u00bb button_font=\u00bbPoppins|300|||||||\u00bb button_icon=\u00bb&#x6a;||divi||400&#8243; button_icon_placement=\u00bbleft\u00bb button_on_hover=\u00bboff\u00bb max_width=\u00bb95%\u00bb module_alignment=\u00bbcenter\u00bb custom_margin_tablet=\u00bb\u00bb custom_margin_phone=\u00bb\u00bb custom_margin_last_edited=\u00bbon|phone\u00bb custom_padding_tablet=\u00bb\u00bb custom_padding_phone=\u00bb|10px||10px|false|true\u00bb custom_padding_last_edited=\u00bbon|phone\u00bb header_font_size_tablet=\u00bb30px\u00bb header_font_size_phone=\u00bb25px\u00bb header_font_size_last_edited=\u00bbon|phone\u00bb body_font_size_tablet=\u00bb16px\u00bb body_font_size_phone=\u00bb15px\u00bb body_font_size_last_edited=\u00bbon|phone\u00bb border_radii=\u00bbon|20px|20px|20px|20px\u00bb box_shadow_style_button=\u00bbpreset2&#8243; box_shadow_color_button=\u00bb#383838&#8243; locked=\u00bboff\u00bb global_colors_info=\u00bb{}\u00bb]<\/p>\n<p>Como proyecto participativo, los usuarios de los servicios de izarkom somos socios de la cooperativa.<\/p>\n<p>Para hacerse soci@ es necesario aportar 50 \u20acal capital social de la cooperativa (posibilidad de fraccionamiento de pago).<\/p>\n<p>[\/et_pb_cta][\/et_pb_column][\/et_pb_row][\/et_pb_section]<\/p>\n","protected":false},"excerpt":{"rendered":"<p>Contactoe-MAIL arreta@izarkom.eus &nbsp; TEL\u00c9FONO 900 909 777 \u00a0Horario:\u00a0Laborales\u00a0 de 10:00, a 14:00. \u00a0 OFICINA PRINCIPAL Pilar kalea, 5. Bajo. 20304 IRUN Horario: Laborales De 9:00 a 17:00 (Aconsejamos concertar cita [&hellip;]<\/p>\n","protected":false},"author":5,"featured_media":0,"parent":0,"menu_order":0,"comment_status":"closed","ping_status":"closed","template":"","meta":{"_et_pb_use_builder":"on","_et_pb_old_content":"","_et_gb_content_width":"","footnotes":""},"class_list":["post-8684","page","type-page","status-publish","hentry"],"yoast_head":"<!-- This site is optimized with the Yoast SEO plugin v27.5 - https:\/\/yoast.com\/product\/yoast-seo-wordpress\/ -->\n<title>Contacto - izarkom<\/title>\n<meta name=\"robots\" content=\"index, follow, max-snippet:-1, max-image-preview:large, max-video-preview:-1\" \/>\n<link rel=\"canonical\" href=\"https:\/\/www.izarkom.eus\/es\/contacto\/\" \/>\n<meta property=\"og:locale\" content=\"es_ES\" \/>\n<meta property=\"og:type\" content=\"article\" \/>\n<meta property=\"og:title\" content=\"Contacto - izarkom\" \/>\n<meta property=\"og:description\" content=\"Contactoe-MAIL arreta@izarkom.eus &nbsp; TEL\u00c9FONO 900 909 777 \u00a0Horario:\u00a0Laborales\u00a0 de 10:00, a 14:00. \u00a0 OFICINA PRINCIPAL Pilar kalea, 5. Bajo. 20304 IRUN Horario: Laborales De 9:00 a 17:00 (Aconsejamos concertar cita [&hellip;]\" \/>\n<meta property=\"og:url\" content=\"https:\/\/www.izarkom.eus\/es\/contacto\/\" \/>\n<meta property=\"og:site_name\" content=\"izarkom\" \/>\n<meta property=\"article:modified_time\" content=\"2026-02-20T11:49:27+00:00\" \/>\n<meta name=\"twitter:card\" content=\"summary_large_image\" \/>\n<meta name=\"twitter:label1\" content=\"Tiempo de lectura\" \/>\n\t<meta name=\"twitter:data1\" content=\"2 minutos\" \/>\n<script type=\"application\/ld+json\" class=\"yoast-schema-graph\">{\"@context\":\"https:\\\/\\\/schema.org\",\"@graph\":[{\"@type\":\"WebPage\",\"@id\":\"https:\\\/\\\/www.izarkom.eus\\\/es\\\/contacto\\\/\",\"url\":\"https:\\\/\\\/www.izarkom.eus\\\/es\\\/contacto\\\/\",\"name\":\"Contacto - izarkom\",\"isPartOf\":{\"@id\":\"https:\\\/\\\/www.izarkom.eus\\\/#website\"},\"datePublished\":\"2021-04-01T11:55:03+00:00\",\"dateModified\":\"2026-02-20T11:49:27+00:00\",\"breadcrumb\":{\"@id\":\"https:\\\/\\\/www.izarkom.eus\\\/es\\\/contacto\\\/#breadcrumb\"},\"inLanguage\":\"es\",\"potentialAction\":[{\"@type\":\"ReadAction\",\"target\":[\"https:\\\/\\\/www.izarkom.eus\\\/es\\\/contacto\\\/\"]}]},{\"@type\":\"BreadcrumbList\",\"@id\":\"https:\\\/\\\/www.izarkom.eus\\\/es\\\/contacto\\\/#breadcrumb\",\"itemListElement\":[{\"@type\":\"ListItem\",\"position\":1,\"name\":\"Home\",\"item\":\"https:\\\/\\\/www.izarkom.eus\\\/\"},{\"@type\":\"ListItem\",\"position\":2,\"name\":\"Contacto\"}]},{\"@type\":\"WebSite\",\"@id\":\"https:\\\/\\\/www.izarkom.eus\\\/#website\",\"url\":\"https:\\\/\\\/www.izarkom.eus\\\/\",\"name\":\"izarkom\",\"description\":\"Izarkom, Euskal Herriko telekomunikazio kooperatiba\",\"potentialAction\":[{\"@type\":\"SearchAction\",\"target\":{\"@type\":\"EntryPoint\",\"urlTemplate\":\"https:\\\/\\\/www.izarkom.eus\\\/?s={search_term_string}\"},\"query-input\":{\"@type\":\"PropertyValueSpecification\",\"valueRequired\":true,\"valueName\":\"search_term_string\"}}],\"inLanguage\":\"es\"}]}<\/script>\n<!-- \/ Yoast SEO plugin. -->","yoast_head_json":{"title":"Contacto - izarkom","robots":{"index":"index","follow":"follow","max-snippet":"max-snippet:-1","max-image-preview":"max-image-preview:large","max-video-preview":"max-video-preview:-1"},"canonical":"https:\/\/www.izarkom.eus\/es\/contacto\/","og_locale":"es_ES","og_type":"article","og_title":"Contacto - izarkom","og_description":"Contactoe-MAIL arreta@izarkom.eus &nbsp; TEL\u00c9FONO 900 909 777 \u00a0Horario:\u00a0Laborales\u00a0 de 10:00, a 14:00. \u00a0 OFICINA PRINCIPAL Pilar kalea, 5. Bajo. 20304 IRUN Horario: Laborales De 9:00 a 17:00 (Aconsejamos concertar cita [&hellip;]","og_url":"https:\/\/www.izarkom.eus\/es\/contacto\/","og_site_name":"izarkom","article_modified_time":"2026-02-20T11:49:27+00:00","twitter_card":"summary_large_image","twitter_misc":{"Tiempo de lectura":"2 minutos"},"schema":{"@context":"https:\/\/schema.org","@graph":[{"@type":"WebPage","@id":"https:\/\/www.izarkom.eus\/es\/contacto\/","url":"https:\/\/www.izarkom.eus\/es\/contacto\/","name":"Contacto - izarkom","isPartOf":{"@id":"https:\/\/www.izarkom.eus\/#website"},"datePublished":"2021-04-01T11:55:03+00:00","dateModified":"2026-02-20T11:49:27+00:00","breadcrumb":{"@id":"https:\/\/www.izarkom.eus\/es\/contacto\/#breadcrumb"},"inLanguage":"es","potentialAction":[{"@type":"ReadAction","target":["https:\/\/www.izarkom.eus\/es\/contacto\/"]}]},{"@type":"BreadcrumbList","@id":"https:\/\/www.izarkom.eus\/es\/contacto\/#breadcrumb","itemListElement":[{"@type":"ListItem","position":1,"name":"Home","item":"https:\/\/www.izarkom.eus\/"},{"@type":"ListItem","position":2,"name":"Contacto"}]},{"@type":"WebSite","@id":"https:\/\/www.izarkom.eus\/#website","url":"https:\/\/www.izarkom.eus\/","name":"izarkom","description":"Izarkom, Euskal Herriko telekomunikazio kooperatiba","potentialAction":[{"@type":"SearchAction","target":{"@type":"EntryPoint","urlTemplate":"https:\/\/www.izarkom.eus\/?s={search_term_string}"},"query-input":{"@type":"PropertyValueSpecification","valueRequired":true,"valueName":"search_term_string"}}],"inLanguage":"es"}]}},"_links":{"self":[{"href":"https:\/\/www.izarkom.eus\/es\/wp-json\/wp\/v2\/pages\/8684","targetHints":{"allow":["GET"]}}],"collection":[{"href":"https:\/\/www.izarkom.eus\/es\/wp-json\/wp\/v2\/pages"}],"about":[{"href":"https:\/\/www.izarkom.eus\/es\/wp-json\/wp\/v2\/types\/page"}],"author":[{"embeddable":true,"href":"https:\/\/www.izarkom.eus\/es\/wp-json\/wp\/v2\/users\/5"}],"replies":[{"embeddable":true,"href":"https:\/\/www.izarkom.eus\/es\/wp-json\/wp\/v2\/comments?post=8684"}],"version-history":[{"count":5,"href":"https:\/\/www.izarkom.eus\/es\/wp-json\/wp\/v2\/pages\/8684\/revisions"}],"predecessor-version":[{"id":27309,"href":"https:\/\/www.izarkom.eus\/es\/wp-json\/wp\/v2\/pages\/8684\/revisions\/27309"}],"wp:attachment":[{"href":"https:\/\/www.izarkom.eus\/es\/wp-json\/wp\/v2\/media?parent=8684"}],"curies":[{"name":"wp","href":"https:\/\/api.w.org\/{rel}","templated":true}]}}